{"id":3318,"date":"2019-04-02T14:03:31","date_gmt":"2019-04-02T14:03:31","guid":{"rendered":"https:\/\/www.alojamientoscardona.com\/home-test\/"},"modified":"2024-12-13T11:20:29","modified_gmt":"2024-12-13T09:20:29","slug":"home-test","status":"publish","type":"page","link":"https:\/\/www.alojamientoscardona.com\/it\/","title":{"rendered":"Home"},"content":{"rendered":"<p><div class=\"fusion-fullwidth fullwidth-box fusion-builder-row-1 fusion-parallax-fixed hundred-percent-fullwidth hundred-percent-height hundred-percent-height-center-content non-hundred-percent-height-scrolling\" style=\"--awb-border-radius-top-left:0px;--awb-border-radius-top-right:0px;--awb-border-radius-bottom-right:0px;--awb-border-radius-bottom-left:0px;--awb-background-image:url(&quot;https:\/\/www.alojamientoscardona.com\/wp-content\/uploads\/2019\/01\/herosection.jpg&quot;);--awb-background-size:cover;--awb-flex-wrap:wrap;background-attachment:fixed;\" ><div class=\"fusion-fullwidth-center-content\"><div class=\"fusion-builder-row fusion-row\"><div class=\"fusion-layout-column fusion_builder_column fusion-builder-column-0 fusion_builder_column_1_1 1_1 fusion-one-full fusion-column-first fusion-column-last\" style=\"--awb-bg-size:cover;\"><div class=\"fusion-column-wrapper fusion-flex-column-wrapper-legacy\"><div class=\"fusion-column-content-centered\"><div class=\"fusion-column-content\"><div class=\"fusion-text fusion-text-1\"><h3 style=\"text-align: center;\"><span style=\"color: #ffffff; text-shadow: 2px 2px 2px #000000d6;\"><em>Appartamenti turistici e case rurali a Formentera<\/em><\/span><\/h3>\n<\/div><div class=\"fusion-text fusion-text-2\"><h1 style=\"text-align: center;\"><span style=\"color: #ffffff; text-shadow: 2px 2px 2px #000000d6;\">Appartamenti Turistici Cardona<\/span><\/h1>\n<\/div><div class=\"fusion-sep-clear\"><\/div><div class=\"fusion-separator fusion-no-medium-visibility fusion-no-large-visibility fusion-full-width-sep\" style=\"margin-left: auto;margin-right: auto;margin-top:60px;width:100%;\"><\/div><div class=\"fusion-sep-clear\"><\/div><div class=\"fusion-text fusion-text-3\">\n<div class=\"wpcf7 no-js\" id=\"wpcf7-f3264-o1\" lang=\"es-ES\" dir=\"ltr\" data-wpcf7-id=\"3264\">\n<div class=\"screen-reader-response\"><p role=\"status\" aria-live=\"polite\" aria-atomic=\"true\"><\/p> <ul><\/ul><\/div>\n<form action=\"\/it\/wp-json\/wp\/v2\/pages\/3318#wpcf7-f3264-o1\" method=\"post\" class=\"wpcf7-form init\" aria-label=\"Formulario de contacto\" novalidate=\"novalidate\" data-status=\"init\">\n<div style=\"display: none;\">\n<input type=\"hidden\" name=\"_wpcf7\" value=\"3264\" \/>\n<input type=\"hidden\" name=\"_wpcf7_version\" value=\"6.0.2\" \/>\n<input type=\"hidden\" name=\"_wpcf7_locale\" value=\"es_ES\" \/>\n<input type=\"hidden\" name=\"_wpcf7_unit_tag\" value=\"wpcf7-f3264-o1\" \/>\n<input type=\"hidden\" name=\"_wpcf7_container_post\" value=\"0\" \/>\n<input type=\"hidden\" name=\"_wpcf7_posted_data_hash\" value=\"\" \/>\n<\/div>\n<div class=\"rp-formulario\">\n\t<div class=\"rp-campo\">\n\t\t<p><div class=\"cf7-date-range-picker\"><input type=\"text\" id=\"rango-fechas\" name=\"rango-fechas\" placeholder=\"Seleziona un intervallo di date\" readonly=\"readonly\"><\/div>\n\t\t<\/p>\n\t<\/div>\n\t<div class=\"rp-campo\">\n\t\t<p><span class=\"wpcf7-form-control-wrap\" data-name=\"menu-19\"><select class=\"wpcf7-form-control wpcf7-select\" aria-invalid=\"false\" name=\"menu-19\"><option value=\"Persone\">Persone<\/option><option value=\"1\">1<\/option><option value=\"2\">2<\/option><option value=\"3\">3<\/option><option value=\"4\">4<\/option><option value=\"5\">5<\/option><option value=\"6\">6<\/option><option value=\"7\">7<\/option><option value=\"8\">8<\/option><option value=\"9\">9<\/option><option value=\"10\">10<\/option><option value=\"11\">11<\/option><option value=\"12\">12<\/option><\/select><\/span>\n\t\t<\/p>\n\t<\/div>\n\t<div class=\"rp-campo\">\n\t\t<p><input class=\"wpcf7-form-control wpcf7-submit has-spinner\" type=\"submit\" value=\"Cercare\" \/>\n\t\t<\/p>\n\t<\/div>\n<\/div><div class=\"fusion-alert alert custom alert-custom fusion-alert-center wpcf7-response-output fusion-alert-capitalize awb-alert-native-link-color alert-dismissable awb-alert-close-boxed\" style=\"--awb-border-top-left-radius:0px;--awb-border-top-right-radius:0px;--awb-border-bottom-left-radius:0px;--awb-border-bottom-right-radius:0px;\" role=\"alert\"><div class=\"fusion-alert-content-wrapper\"><span class=\"fusion-alert-content\"><\/span><\/div><button type=\"button\" class=\"close toggle-alert\" data-dismiss=\"alert\" aria-label=\"Close\">&times;<\/button><\/div>\n<\/form>\n<\/div>\n\n<\/div><\/div><\/div><div class=\"fusion-clearfix\"><\/div><\/div><\/div><\/div><\/div><\/div><div class=\"fusion-fullwidth fullwidth-box fusion-builder-row-2 fusion-parallax-none hundred-percent-fullwidth non-hundred-percent-height-scrolling\" style=\"--awb-border-radius-top-left:0px;--awb-border-radius-top-right:0px;--awb-border-radius-bottom-right:0px;--awb-border-radius-bottom-left:0px;--awb-padding-top:100px;--awb-padding-bottom:50px;--awb-background-color:#f9feff;--awb-background-image:url(&quot;https:\/\/www.alojamientoscardona.com\/wp-content\/uploads\/2019\/01\/wall.jpg&quot;);--awb-background-size:cover;--awb-flex-wrap:wrap;\" ><div class=\"fusion-builder-row fusion-row\"><div class=\"fusion-layout-column fusion_builder_column fusion-builder-column-1 fusion_builder_column_1_5 1_5 fusion-one-fifth fusion-column-first\" style=\"--awb-bg-size:cover;width:20%;width:calc(20% - ( ( 4% + 4% ) * 0.2 ) );margin-right: 4%;\"><div class=\"fusion-column-wrapper fusion-flex-column-wrapper-legacy\"><div class=\"fusion-clearfix\"><\/div><\/div><\/div><div class=\"fusion-layout-column fusion_builder_column fusion-builder-column-2 fusion_builder_column_3_5 3_5 fusion-three-fifth\" style=\"--awb-padding-right:20px;--awb-padding-left:20px;--awb-bg-size:cover;width:60%;width:calc(60% - ( ( 4% + 4% ) * 0.6 ) );margin-right: 4%;\"><div class=\"fusion-column-wrapper fusion-flex-column-wrapper-legacy\"><div class=\"fusion-text fusion-text-4\"><h2 style=\"text-align: center;\">Appartamenti turistici Cardona<\/h2>\n<\/div><div class=\"fusion-image-element fusion-image-align-center in-legacy-container\" style=\"text-align:center;--awb-caption-title-font-family:var(--h2_typography-font-family);--awb-caption-title-font-weight:var(--h2_typography-font-weight);--awb-caption-title-font-style:var(--h2_typography-font-style);--awb-caption-title-size:var(--h2_typography-font-size);--awb-caption-title-transform:var(--h2_typography-text-transform);--awb-caption-title-line-height:var(--h2_typography-line-height);--awb-caption-title-letter-spacing:var(--h2_typography-letter-spacing);\"><div class=\"imageframe-align-center\"><span class=\" fusion-imageframe imageframe-none imageframe-1 hover-type-none\"><img decoding=\"async\" width=\"438\" height=\"44\" title=\"Alojamientos tur\u00edsticos Cardona en Formentera\" src=\"http:\/\/www.alojamientoscardona.com\/wp-content\/uploads\/2019\/01\/Forniture-01-alojamientos-cardona.png\" alt class=\"img-responsive wp-image-3057\" srcset=\"https:\/\/www.alojamientoscardona.com\/wp-content\/uploads\/2019\/01\/Forniture-01-alojamientos-cardona-200x20.png 200w, https:\/\/www.alojamientoscardona.com\/wp-content\/uploads\/2019\/01\/Forniture-01-alojamientos-cardona-400x40.png 400w, https:\/\/www.alojamientoscardona.com\/wp-content\/uploads\/2019\/01\/Forniture-01-alojamientos-cardona.png 438w\" sizes=\"(max-width: 800px) 100vw, 438px\" \/><\/span><\/div><\/div><div class=\"fusion-text fusion-text-5\"><h4 style=\"text-align: center;\" data-fontsize=\"26\" data-lineheight=\"36\"><em>Affitto di appartamenti turistici e case rurali a Formentera<\/em><\/h4>\n<\/div><div class=\"fusion-sep-clear\"><\/div><div class=\"fusion-separator\" style=\"margin-left: auto;margin-right: auto;margin-bottom:20px;width:100%;max-width:20%;\"><div class=\"fusion-separator-border sep-single sep-solid\" style=\"--awb-height:20px;--awb-amount:20px;--awb-sep-color:#bc9c50;border-color:#bc9c50;border-top-width:1px;\"><\/div><\/div><div class=\"fusion-sep-clear\"><\/div><div class=\"fusion-text fusion-text-6\"><p style=\"text-align: center;\">Approfitta della vacanza sulla meravigliosa isola di Formentera e alloggia in appartamenti ampi e tranquilli o case rurali con giardino e piscina. La natura che li circonda ti offre nell\u2019immediata vicinanza le spiagge migliori dell\u2019isola.<\/p>\n<p style=\"text-align: center;\">Ideale per famiglie o gruppi di amici oppure una scappata in coppia.<\/p>\n<\/div><div class=\"fusion-clearfix\"><\/div><\/div><\/div><div class=\"fusion-layout-column fusion_builder_column fusion-builder-column-3 fusion_builder_column_1_5 1_5 fusion-one-fifth fusion-column-last\" style=\"--awb-bg-size:cover;width:20%;width:calc(20% - ( ( 4% + 4% ) * 0.2 ) );\"><div class=\"fusion-column-wrapper fusion-flex-column-wrapper-legacy\"><div class=\"fusion-clearfix\"><\/div><\/div><\/div><\/div><\/div><div id=\"alojamientos\" class=\"fusion-container-anchor\"><div class=\"fusion-fullwidth fullwidth-box fusion-builder-row-3 nonhundred-percent-fullwidth non-hundred-percent-height-scrolling fusion-no-medium-visibility fusion-no-large-visibility\" style=\"--awb-border-radius-top-left:0px;--awb-border-radius-top-right:0px;--awb-border-radius-bottom-right:0px;--awb-border-radius-bottom-left:0px;--awb-padding-top:50px;--awb-flex-wrap:wrap;\" ><div class=\"fusion-builder-row fusion-row\"><div class=\"fusion-layout-column fusion_builder_column fusion-builder-column-4 fusion_builder_column_1_1 1_1 fusion-one-full fusion-column-first fusion-column-last fusion-column-no-min-height\" style=\"--awb-bg-size:cover;--awb-margin-bottom:25px;\"><div class=\"fusion-column-wrapper fusion-flex-column-wrapper-legacy\"><div class=\"fusion-text fusion-text-7\"><p style=\"letter-spacing: 4px; font-size: 13px; text-align: center; margin-bottom: 0px;\">I MIGLIORI APPARTAMENTI E CASE A FORMENTERA<\/p>\n<h2 style=\"text-align: center;\">Scopri i nostri alloggi<\/h2>\n<\/div><div class=\"fusion-image-element fusion-image-align-center in-legacy-container\" style=\"text-align:center;--awb-caption-title-font-family:var(--h2_typography-font-family);--awb-caption-title-font-weight:var(--h2_typography-font-weight);--awb-caption-title-font-style:var(--h2_typography-font-style);--awb-caption-title-size:var(--h2_typography-font-size);--awb-caption-title-transform:var(--h2_typography-text-transform);--awb-caption-title-line-height:var(--h2_typography-line-height);--awb-caption-title-letter-spacing:var(--h2_typography-letter-spacing);\"><div class=\"imageframe-align-center\"><span class=\" fusion-imageframe imageframe-none imageframe-2 hover-type-none\"><img decoding=\"async\" width=\"134\" height=\"30\" title=\"Alojamientos tur\u00edsticos Cardona en Formentera\" src=\"http:\/\/www.alojamientoscardona.com\/wp-content\/uploads\/2019\/01\/Forniture-02alojamientos-cardona.png\" alt class=\"img-responsive wp-image-3055\"\/><\/span><\/div><\/div><div class=\"fusion-clearfix\"><\/div><\/div><\/div><div class=\"fusion-layout-column fusion_builder_column fusion-builder-column-5 fusion_builder_column_1_3 1_3 fusion-one-third fusion-column-first\" style=\"--awb-padding-top:20px;--awb-padding-right:20px;--awb-padding-bottom:20px;--awb-padding-left:20px;--awb-bg-color:#ffffff;--awb-bg-color-hover:#ffffff;--awb-bg-image:url(&#039;https:\/\/www.alojamientoscardona.com\/wp-content\/uploads\/2019\/01\/wall.jpg&#039;);--awb-bg-size:cover;width:33.333333333333%;width:calc(33.333333333333% - ( ( 4% + 4% ) * 0.33333333333333 ) );margin-right: 4%;\"><div class=\"fusion-column-wrapper fusion-flex-column-wrapper-legacy fusion-column-has-bg-image\" data-bg-url=\"https:\/\/www.alojamientoscardona.com\/wp-content\/uploads\/2019\/01\/wall.jpg\"><div class=\"fusion-image-element in-legacy-container\" style=\"--awb-caption-title-font-family:var(--h2_typography-font-family);--awb-caption-title-font-weight:var(--h2_typography-font-weight);--awb-caption-title-font-style:var(--h2_typography-font-style);--awb-caption-title-size:var(--h2_typography-font-size);--awb-caption-title-transform:var(--h2_typography-text-transform);--awb-caption-title-line-height:var(--h2_typography-line-height);--awb-caption-title-letter-spacing:var(--h2_typography-letter-spacing);\"><span class=\" fusion-imageframe imageframe-none imageframe-3 hover-type-none\"><img decoding=\"async\" width=\"1950\" height=\"1200\" title=\"Villa Can Cardona en Formentera con jard\u00edn privado con piscina. Alojamientos tur\u00edsticos Cardona.\" src=\"http:\/\/www.alojamientoscardona.com\/wp-content\/uploads\/2019\/01\/can-cardona.jpg\" alt class=\"img-responsive wp-image-2835\" srcset=\"https:\/\/www.alojamientoscardona.com\/wp-content\/uploads\/2019\/01\/can-cardona-200x123.jpg 200w, https:\/\/www.alojamientoscardona.com\/wp-content\/uploads\/2019\/01\/can-cardona-400x246.jpg 400w, https:\/\/www.alojamientoscardona.com\/wp-content\/uploads\/2019\/01\/can-cardona-600x369.jpg 600w, https:\/\/www.alojamientoscardona.com\/wp-content\/uploads\/2019\/01\/can-cardona-800x492.jpg 800w, https:\/\/www.alojamientoscardona.com\/wp-content\/uploads\/2019\/01\/can-cardona-1200x738.jpg 1200w, https:\/\/www.alojamientoscardona.com\/wp-content\/uploads\/2019\/01\/can-cardona.jpg 1950w\" sizes=\"(max-width: 800px) 100vw, 400px\" \/><\/span><\/div><div class=\"fusion-sep-clear\"><\/div><div class=\"fusion-separator fusion-full-width-sep\" style=\"margin-left: auto;margin-right: auto;margin-top:10px;margin-bottom:15px;width:100%;\"><\/div><div class=\"fusion-sep-clear\"><\/div><div class=\"fusion-text fusion-text-8\"><h2 data-fontsize=\"40\" data-lineheight=\"51\">Can Cardona<\/h2>\n<p>Villa a Formentera composta di 5 stanze e adatta fino a 12 persone. Pi\u00f9 di 400m2 di spazio, con accesso privato alla spiaggia Migjorn. Questa lussuosa casa rurale ha una propria piscina e un giardino grande. Le stanze sono ampie, con bagno privato e terrazzo.<\/p>\n<\/div><div class=\"fusion-align-block\"><a class=\"fusion-button button-flat fusion-button-default-size button-default fusion-button-default button-1 fusion-button-span-yes fusion-button-default-type\" target=\"_self\" href=\"https:\/\/www.alojamientoscardona.com\/it\/alloggi\/can-cardona\/\"><span class=\"fusion-button-text\">Scopri di pi\u00f9<\/span><\/a><\/div><div class=\"fusion-sep-clear\"><\/div><div class=\"fusion-separator fusion-full-width-sep\" style=\"margin-left: auto;margin-right: auto;margin-top:10px;width:100%;\"><\/div><div class=\"fusion-sep-clear\"><\/div><div class=\"fusion-align-block\"><a class=\"fusion-button button-flat fusion-button-default-size button-default fusion-button-default button-2 fusion-button-span-yes fusion-button-default-type\" target=\"_self\" href=\"https:\/\/www.alojamientoscardona.com\/it\/alloggi\/can-cardona\/\"><span class=\"fusion-button-text\">Prenota ora<\/span><\/a><\/div><div class=\"fusion-clearfix\"><\/div><\/div><\/div><div class=\"fusion-layout-column fusion_builder_column fusion-builder-column-6 fusion_builder_column_1_3 1_3 fusion-one-third\" style=\"--awb-padding-top:20px;--awb-padding-right:20px;--awb-padding-bottom:20px;--awb-padding-left:20px;--awb-bg-color:#ffffff;--awb-bg-color-hover:#ffffff;--awb-bg-image:url(&#039;https:\/\/www.alojamientoscardona.com\/wp-content\/uploads\/2019\/01\/wall.jpg&#039;);--awb-bg-size:cover;width:33.333333333333%;width:calc(33.333333333333% - ( ( 4% + 4% ) * 0.33333333333333 ) );margin-right: 4%;\"><div class=\"fusion-column-wrapper fusion-flex-column-wrapper-legacy fusion-column-has-bg-image\" data-bg-url=\"https:\/\/www.alojamientoscardona.com\/wp-content\/uploads\/2019\/01\/wall.jpg\"><div class=\"fusion-image-element in-legacy-container\" style=\"--awb-caption-title-font-family:var(--h2_typography-font-family);--awb-caption-title-font-weight:var(--h2_typography-font-weight);--awb-caption-title-font-style:var(--h2_typography-font-style);--awb-caption-title-size:var(--h2_typography-font-size);--awb-caption-title-transform:var(--h2_typography-text-transform);--awb-caption-title-line-height:var(--h2_typography-line-height);--awb-caption-title-letter-spacing:var(--h2_typography-letter-spacing);\"><span class=\" fusion-imageframe imageframe-none imageframe-4 hover-type-none\"><img decoding=\"async\" width=\"1950\" height=\"1200\" title=\"Can Carlets I. Casa rural en Formentera con jard\u00edn. Pr\u00f3xima a San Francisco Javier\" src=\"http:\/\/www.alojamientoscardona.com\/wp-content\/uploads\/2019\/01\/carlets.jpg\" alt class=\"img-responsive wp-image-2833\" srcset=\"https:\/\/www.alojamientoscardona.com\/wp-content\/uploads\/2019\/01\/carlets-200x123.jpg 200w, https:\/\/www.alojamientoscardona.com\/wp-content\/uploads\/2019\/01\/carlets-400x246.jpg 400w, https:\/\/www.alojamientoscardona.com\/wp-content\/uploads\/2019\/01\/carlets-600x369.jpg 600w, https:\/\/www.alojamientoscardona.com\/wp-content\/uploads\/2019\/01\/carlets-800x492.jpg 800w, https:\/\/www.alojamientoscardona.com\/wp-content\/uploads\/2019\/01\/carlets-1200x738.jpg 1200w, https:\/\/www.alojamientoscardona.com\/wp-content\/uploads\/2019\/01\/carlets.jpg 1950w\" sizes=\"(max-width: 800px) 100vw, 400px\" \/><\/span><\/div><div class=\"fusion-sep-clear\"><\/div><div class=\"fusion-separator fusion-full-width-sep\" style=\"margin-left: auto;margin-right: auto;margin-top:10px;margin-bottom:15px;width:100%;\"><\/div><div class=\"fusion-sep-clear\"><\/div><div class=\"fusion-text fusion-text-9\"><h2 data-fontsize=\"40\" data-lineheight=\"51\">Can Carlets<\/h2>\n<p>Una casa rurale tipica di Formentera, composta di 2 stanze e adatta fino a 5 persone. La casa \u00e8 circondata da un giardino di fichi e ulivi. Si trova a pochi minuti da San Francisco Javier e La Savina.<\/p>\n<\/div><div class=\"fusion-align-block\"><a class=\"fusion-button button-flat fusion-button-default-size button-default fusion-button-default button-3 fusion-button-span-yes fusion-button-default-type\" target=\"_self\" href=\"https:\/\/www.alojamientoscardona.com\/it\/alloggi\/can-carlets\/\"><span class=\"fusion-button-text\">Scopri di pi\u00f9<\/span><\/a><\/div><div class=\"fusion-sep-clear\"><\/div><div class=\"fusion-separator fusion-full-width-sep\" style=\"margin-left: auto;margin-right: auto;margin-top:10px;width:100%;\"><\/div><div class=\"fusion-sep-clear\"><\/div><div class=\"fusion-align-block\"><a class=\"fusion-button button-flat fusion-button-default-size button-default fusion-button-default button-4 fusion-button-span-yes fusion-button-default-type\" target=\"_self\" href=\"https:\/\/checkout.lodgify.com\/cardona\/es\/?currency=EUR#\/253631\"><span class=\"fusion-button-text\">Prenota ora<\/span><\/a><\/div><div class=\"fusion-clearfix\"><\/div><\/div><\/div><div class=\"fusion-layout-column fusion_builder_column fusion-builder-column-7 fusion_builder_column_1_3 1_3 fusion-one-third fusion-column-last\" style=\"--awb-padding-top:20px;--awb-padding-right:20px;--awb-padding-bottom:20px;--awb-padding-left:20px;--awb-bg-color:#ffffff;--awb-bg-color-hover:#ffffff;--awb-bg-image:url(&#039;https:\/\/www.alojamientoscardona.com\/wp-content\/uploads\/2019\/01\/wall.jpg&#039;);--awb-bg-size:cover;width:33.333333333333%;width:calc(33.333333333333% - ( ( 4% + 4% ) * 0.33333333333333 ) );\"><div class=\"fusion-column-wrapper fusion-flex-column-wrapper-legacy fusion-column-has-bg-image\" data-bg-url=\"https:\/\/www.alojamientoscardona.com\/wp-content\/uploads\/2019\/01\/wall.jpg\"><div class=\"fusion-image-element in-legacy-container\" style=\"--awb-caption-title-font-family:var(--h2_typography-font-family);--awb-caption-title-font-weight:var(--h2_typography-font-weight);--awb-caption-title-font-style:var(--h2_typography-font-style);--awb-caption-title-size:var(--h2_typography-font-size);--awb-caption-title-transform:var(--h2_typography-text-transform);--awb-caption-title-line-height:var(--h2_typography-line-height);--awb-caption-title-letter-spacing:var(--h2_typography-letter-spacing);\"><span class=\" fusion-imageframe imageframe-none imageframe-5 hover-type-none\"><img decoding=\"async\" width=\"1950\" height=\"1200\" title=\"Can Carlets II. Terraza con vistas a un huerto de olivos. Casa rural en Formentera con jard\u00edn. Pr\u00f3xima a San Francisco Javier\" src=\"http:\/\/www.alojamientoscardona.com\/wp-content\/uploads\/2019\/01\/carletsII.jpg\" alt class=\"img-responsive wp-image-2839\" srcset=\"https:\/\/www.alojamientoscardona.com\/wp-content\/uploads\/2019\/01\/carletsII-200x123.jpg 200w, https:\/\/www.alojamientoscardona.com\/wp-content\/uploads\/2019\/01\/carletsII-400x246.jpg 400w, https:\/\/www.alojamientoscardona.com\/wp-content\/uploads\/2019\/01\/carletsII-600x369.jpg 600w, https:\/\/www.alojamientoscardona.com\/wp-content\/uploads\/2019\/01\/carletsII-800x492.jpg 800w, https:\/\/www.alojamientoscardona.com\/wp-content\/uploads\/2019\/01\/carletsII-1200x738.jpg 1200w, https:\/\/www.alojamientoscardona.com\/wp-content\/uploads\/2019\/01\/carletsII.jpg 1950w\" sizes=\"(max-width: 800px) 100vw, 400px\" \/><\/span><\/div><div class=\"fusion-sep-clear\"><\/div><div class=\"fusion-separator fusion-full-width-sep\" style=\"margin-left: auto;margin-right: auto;margin-top:10px;margin-bottom:15px;width:100%;\"><\/div><div class=\"fusion-sep-clear\"><\/div><div class=\"fusion-text fusion-text-10\"><h2 data-fontsize=\"40\" data-lineheight=\"51\">Can Carlets II<\/h2>\n<p>Casa rurale a Formentera, composta di 2 stanze e adatta fino a 5 persone. La circonda un ampio giardino di fichi e ulivi. Si trova a pochissimi minuti da San Francisco Javier, il capoluogo dell\u2019isola.<\/p>\n<\/div><div class=\"fusion-align-block\"><a class=\"fusion-button button-flat fusion-button-default-size button-default fusion-button-default button-5 fusion-button-span-yes fusion-button-default-type\" target=\"_self\" href=\"https:\/\/www.alojamientoscardona.com\/it\/alloggi\/can-carlets-ii\/\"><span class=\"fusion-button-text\">Scopri di pi\u00f9<\/span><\/a><\/div><div class=\"fusion-sep-clear\"><\/div><div class=\"fusion-separator fusion-full-width-sep\" style=\"margin-left: auto;margin-right: auto;margin-top:10px;width:100%;\"><\/div><div class=\"fusion-sep-clear\"><\/div><div class=\"fusion-align-block\"><a class=\"fusion-button button-flat fusion-button-default-size button-default fusion-button-default button-6 fusion-button-span-yes fusion-button-default-type\" target=\"_self\" href=\"https:\/\/checkout.lodgify.com\/cardona\/es\/?currency=EUR#\/253632\"><span class=\"fusion-button-text\">Prenota ora<\/span><\/a><\/div><div class=\"fusion-clearfix\"><\/div><\/div><\/div><\/div><\/div><\/div><div class=\"fusion-fullwidth fullwidth-box fusion-builder-row-4 fusion-parallax-none nonhundred-percent-fullwidth non-hundred-percent-height-scrolling fusion-equal-height-columns fusion-no-medium-visibility fusion-no-large-visibility\" style=\"--awb-border-radius-top-left:0px;--awb-border-radius-top-right:0px;--awb-border-radius-bottom-right:0px;--awb-border-radius-bottom-left:0px;--awb-background-image:url(&quot;https:\/\/www.alojamientoscardona.com\/wp-content\/uploads\/2019\/01\/wall.jpg&quot;);--awb-background-size:cover;--awb-flex-wrap:wrap;\" ><div class=\"fusion-builder-row fusion-row\"><div class=\"fusion-layout-column fusion_builder_column fusion-builder-column-8 fusion_builder_column_1_3 1_3 fusion-one-third fusion-column-first\" style=\"--awb-padding-top:20px;--awb-padding-right:20px;--awb-padding-bottom:20px;--awb-padding-left:20px;--awb-bg-color:#ffffff;--awb-bg-color-hover:#ffffff;--awb-bg-size:cover;width:33.333333333333%;width:calc(33.333333333333% - ( ( 4% + 4% ) * 0.33333333333333 ) );margin-right: 4%;\"><div class=\"fusion-column-wrapper fusion-flex-column-wrapper-legacy\"><div class=\"fusion-image-element in-legacy-container\" style=\"--awb-caption-title-font-family:var(--h2_typography-font-family);--awb-caption-title-font-weight:var(--h2_typography-font-weight);--awb-caption-title-font-style:var(--h2_typography-font-style);--awb-caption-title-size:var(--h2_typography-font-size);--awb-caption-title-transform:var(--h2_typography-text-transform);--awb-caption-title-line-height:var(--h2_typography-line-height);--awb-caption-title-letter-spacing:var(--h2_typography-letter-spacing);\"><span class=\" fusion-imageframe imageframe-none imageframe-6 hover-type-none\"><img decoding=\"async\" width=\"4896\" height=\"3672\" title=\"alojamientos-cardona-apartamento-superior-terraza-1\" src=\"http:\/\/www.alojamientoscardona.com\/wp-content\/uploads\/2020\/03\/alojamientos-cardona-apartamento-superior-terraza-1.jpg\" alt class=\"img-responsive wp-image-3725\" srcset=\"https:\/\/www.alojamientoscardona.com\/wp-content\/uploads\/2020\/03\/alojamientos-cardona-apartamento-superior-terraza-1-200x150.jpg 200w, https:\/\/www.alojamientoscardona.com\/wp-content\/uploads\/2020\/03\/alojamientos-cardona-apartamento-superior-terraza-1-400x300.jpg 400w, https:\/\/www.alojamientoscardona.com\/wp-content\/uploads\/2020\/03\/alojamientos-cardona-apartamento-superior-terraza-1-600x450.jpg 600w, https:\/\/www.alojamientoscardona.com\/wp-content\/uploads\/2020\/03\/alojamientos-cardona-apartamento-superior-terraza-1-800x600.jpg 800w, https:\/\/www.alojamientoscardona.com\/wp-content\/uploads\/2020\/03\/alojamientos-cardona-apartamento-superior-terraza-1-1200x900.jpg 1200w, https:\/\/www.alojamientoscardona.com\/wp-content\/uploads\/2020\/03\/alojamientos-cardona-apartamento-superior-terraza-1.jpg 4896w\" sizes=\"(max-width: 800px) 100vw, 400px\" \/><\/span><\/div><div class=\"fusion-sep-clear\"><\/div><div class=\"fusion-separator fusion-full-width-sep\" style=\"margin-left: auto;margin-right: auto;margin-top:10px;margin-bottom:15px;width:100%;\"><\/div><div class=\"fusion-sep-clear\"><\/div><div class=\"fusion-text fusion-text-11\"><h2 data-fontsize=\"40\" data-lineheight=\"51\">Monolocale Superiore<\/h2>\n<p>Monolocale turistico adatto fino a 4 persone. Si trova nel pieno Parco Naturale Las Salinas, prossimo alle migliori spiagge di Formentera. Con terrazzo, giardino condiviso e cucina totalmente equipaggiata.<\/p>\n<\/div><div class=\"fusion-align-block\"><a class=\"fusion-button button-flat fusion-button-default-size button-default fusion-button-default button-7 fusion-button-span-yes fusion-button-default-type\" target=\"_self\" href=\"https:\/\/www.alojamientoscardona.com\/it\/monolocale-superiore\/\"><span class=\"fusion-button-text\">Scopri di pi\u00f9<\/span><\/a><\/div><div class=\"fusion-sep-clear\"><\/div><div class=\"fusion-separator fusion-full-width-sep\" style=\"margin-left: auto;margin-right: auto;margin-top:10px;width:100%;\"><\/div><div class=\"fusion-sep-clear\"><\/div><div class=\"fusion-align-block\"><a class=\"fusion-button button-flat fusion-button-default-size button-default fusion-button-default button-8 fusion-button-span-yes fusion-button-default-type\" target=\"_self\" href=\"https:\/\/checkout.lodgify.com\/cardona\/es\/?currency=EUR#\/254310\"><span class=\"fusion-button-text\">Prenota ora<\/span><\/a><\/div><div class=\"fusion-clearfix\"><\/div><\/div><\/div><div class=\"fusion-layout-column fusion_builder_column fusion-builder-column-9 fusion_builder_column_1_3 1_3 fusion-one-third\" style=\"--awb-padding-top:20px;--awb-padding-right:20px;--awb-padding-bottom:20px;--awb-padding-left:20px;--awb-bg-color:#ffffff;--awb-bg-color-hover:#ffffff;--awb-bg-size:cover;width:33.333333333333%;width:calc(33.333333333333% - ( ( 4% + 4% ) * 0.33333333333333 ) );margin-right: 4%;\"><div class=\"fusion-column-wrapper fusion-flex-column-wrapper-legacy\"><div class=\"fusion-image-element in-legacy-container\" style=\"--awb-caption-title-font-family:var(--h2_typography-font-family);--awb-caption-title-font-weight:var(--h2_typography-font-weight);--awb-caption-title-font-style:var(--h2_typography-font-style);--awb-caption-title-size:var(--h2_typography-font-size);--awb-caption-title-transform:var(--h2_typography-text-transform);--awb-caption-title-line-height:var(--h2_typography-line-height);--awb-caption-title-letter-spacing:var(--h2_typography-letter-spacing);\"><span class=\" fusion-imageframe imageframe-none imageframe-7 hover-type-none\"><img decoding=\"async\" width=\"1024\" height=\"630\" title=\"alojamientos-cardona\" src=\"http:\/\/www.alojamientoscardona.com\/wp-content\/uploads\/2019\/02\/alojamientos-cardona.jpg\" alt class=\"img-responsive wp-image-3069\" srcset=\"https:\/\/www.alojamientoscardona.com\/wp-content\/uploads\/2019\/02\/alojamientos-cardona-200x123.jpg 200w, https:\/\/www.alojamientoscardona.com\/wp-content\/uploads\/2019\/02\/alojamientos-cardona-400x246.jpg 400w, https:\/\/www.alojamientoscardona.com\/wp-content\/uploads\/2019\/02\/alojamientos-cardona-600x369.jpg 600w, https:\/\/www.alojamientoscardona.com\/wp-content\/uploads\/2019\/02\/alojamientos-cardona-800x492.jpg 800w, https:\/\/www.alojamientoscardona.com\/wp-content\/uploads\/2019\/02\/alojamientos-cardona.jpg 1024w\" sizes=\"(max-width: 800px) 100vw, 400px\" \/><\/span><\/div><div class=\"fusion-sep-clear\"><\/div><div class=\"fusion-separator fusion-full-width-sep\" style=\"margin-left: auto;margin-right: auto;margin-top:10px;margin-bottom:15px;width:100%;\"><\/div><div class=\"fusion-sep-clear\"><\/div><div class=\"fusion-text fusion-text-12\"><h2 data-fontsize=\"40\" data-lineheight=\"51\">Monolocale Standard<\/h2>\n<p>Monolocale turistico adatto fino a 4 persone. Si trova nel pieno Parco Naturale Las Salinas, a fianco alla famosa spiaggia \u201cPlatja d\u2019Illetas\u201d. Con terrazzo, giardino condiviso e cucina totalmente equipaggiata.<\/p>\n<\/div><div class=\"fusion-align-block\"><a class=\"fusion-button button-flat fusion-button-default-size button-default fusion-button-default button-9 fusion-button-span-yes fusion-button-default-type\" target=\"_self\" href=\"https:\/\/www.alojamientoscardona.com\/it\/alloggi\/monolocale-standard\/\"><span class=\"fusion-button-text\">Scopri di pi\u00f9<\/span><\/a><\/div><div class=\"fusion-sep-clear\"><\/div><div class=\"fusion-separator fusion-full-width-sep\" style=\"margin-left: auto;margin-right: auto;margin-top:10px;width:100%;\"><\/div><div class=\"fusion-sep-clear\"><\/div><div class=\"fusion-align-block\"><a class=\"fusion-button button-flat fusion-button-default-size button-default fusion-button-default button-10 fusion-button-span-yes fusion-button-default-type\" target=\"_self\" href=\"https:\/\/checkout.lodgify.com\/cardona\/es\/?currency=EUR#\/253636\"><span class=\"fusion-button-text\">Prenota ora<\/span><\/a><\/div><div class=\"fusion-clearfix\"><\/div><\/div><\/div><div class=\"fusion-layout-column fusion_builder_column fusion-builder-column-10 fusion_builder_column_1_3 1_3 fusion-one-third fusion-column-last\" style=\"--awb-padding-top:20px;--awb-padding-right:20px;--awb-padding-bottom:20px;--awb-padding-left:20px;--awb-bg-color:#ffffff;--awb-bg-color-hover:#ffffff;--awb-bg-size:cover;width:33.333333333333%;width:calc(33.333333333333% - ( ( 4% + 4% ) * 0.33333333333333 ) );\"><div class=\"fusion-column-wrapper fusion-flex-column-wrapper-legacy\"><div class=\"fusion-image-element in-legacy-container\" style=\"--awb-caption-title-font-family:var(--h2_typography-font-family);--awb-caption-title-font-weight:var(--h2_typography-font-weight);--awb-caption-title-font-style:var(--h2_typography-font-style);--awb-caption-title-size:var(--h2_typography-font-size);--awb-caption-title-transform:var(--h2_typography-text-transform);--awb-caption-title-line-height:var(--h2_typography-line-height);--awb-caption-title-letter-spacing:var(--h2_typography-letter-spacing);\"><span class=\" fusion-imageframe imageframe-none imageframe-8 hover-type-none\"><img decoding=\"async\" width=\"1950\" height=\"1200\" title=\"Jard\u00edn compartido del apartamento vacacional Estand\u00e1r. En el Parque Natural de Las Salinas\" src=\"http:\/\/www.alojamientoscardona.com\/wp-content\/uploads\/2019\/02\/alojamientos-cardona-uno.jpg\" alt class=\"img-responsive wp-image-3071\" srcset=\"https:\/\/www.alojamientoscardona.com\/wp-content\/uploads\/2019\/02\/alojamientos-cardona-uno-200x123.jpg 200w, https:\/\/www.alojamientoscardona.com\/wp-content\/uploads\/2019\/02\/alojamientos-cardona-uno-400x246.jpg 400w, https:\/\/www.alojamientoscardona.com\/wp-content\/uploads\/2019\/02\/alojamientos-cardona-uno-600x369.jpg 600w, https:\/\/www.alojamientoscardona.com\/wp-content\/uploads\/2019\/02\/alojamientos-cardona-uno-800x492.jpg 800w, https:\/\/www.alojamientoscardona.com\/wp-content\/uploads\/2019\/02\/alojamientos-cardona-uno-1200x738.jpg 1200w, https:\/\/www.alojamientoscardona.com\/wp-content\/uploads\/2019\/02\/alojamientos-cardona-uno.jpg 1950w\" sizes=\"(max-width: 800px) 100vw, 400px\" \/><\/span><\/div><div class=\"fusion-sep-clear\"><\/div><div class=\"fusion-separator fusion-full-width-sep\" style=\"margin-left: auto;margin-right: auto;margin-top:10px;margin-bottom:15px;width:100%;\"><\/div><div class=\"fusion-sep-clear\"><\/div><div class=\"fusion-text fusion-text-13\"><h2 data-fontsize=\"40\" data-lineheight=\"51\">Bilocale Standard<\/h2>\n<p>Questo bilocale \u00e8 adatto a 6 persone. Ha una terrazza e un giardino condiviso. La cucina ed il salotto sono del tutto equipaggiati. Si trova nel Parco Naturale Las Salinas, prossimo a Es Pujols e alle migliori spiagge di Formentera.<\/p>\n<\/div><div class=\"fusion-align-block\"><a class=\"fusion-button button-flat fusion-button-default-size button-default fusion-button-default button-11 fusion-button-span-yes fusion-button-default-type\" target=\"_self\" href=\"https:\/\/www.alojamientoscardona.com\/it\/alloggi\/bilocale-standard\/\"><span class=\"fusion-button-text\">Scopri di pi\u00f9<\/span><\/a><\/div><div class=\"fusion-sep-clear\"><\/div><div class=\"fusion-separator fusion-full-width-sep\" style=\"margin-left: auto;margin-right: auto;margin-top:10px;width:100%;\"><\/div><div class=\"fusion-sep-clear\"><\/div><div class=\"fusion-align-block\"><a class=\"fusion-button button-flat fusion-button-default-size button-default fusion-button-default button-12 fusion-button-span-yes fusion-button-default-type\" target=\"_self\" href=\"https:\/\/checkout.lodgify.com\/cardona\/es\/?currency=EUR#\/254313\"><span class=\"fusion-button-text\">Prenota ora<\/span><\/a><\/div><div class=\"fusion-clearfix\"><\/div><\/div><\/div><div class=\"fusion-layout-column fusion_builder_column fusion-builder-column-11 fusion_builder_column_1_3 1_3 fusion-one-third fusion-column-first\" style=\"--awb-padding-top:20px;--awb-padding-right:20px;--awb-padding-bottom:20px;--awb-padding-left:20px;--awb-bg-color:#ffffff;--awb-bg-color-hover:#ffffff;--awb-bg-size:cover;width:33.333333333333%;width:calc(33.333333333333% - ( ( 4% ) * 0.33333333333333 ) );margin-right: 4%;\"><div class=\"fusion-column-wrapper fusion-flex-column-wrapper-legacy\"><div class=\"fusion-image-element in-legacy-container\" style=\"--awb-caption-title-font-family:var(--h2_typography-font-family);--awb-caption-title-font-weight:var(--h2_typography-font-weight);--awb-caption-title-font-style:var(--h2_typography-font-style);--awb-caption-title-size:var(--h2_typography-font-size);--awb-caption-title-transform:var(--h2_typography-text-transform);--awb-caption-title-line-height:var(--h2_typography-line-height);--awb-caption-title-letter-spacing:var(--h2_typography-letter-spacing);\"><span class=\" fusion-imageframe imageframe-none imageframe-9 hover-type-none\"><img decoding=\"async\" width=\"4896\" height=\"3672\" title=\"cardona-estudiosuperior-terraza-3\" src=\"http:\/\/www.alojamientoscardona.com\/wp-content\/uploads\/2020\/03\/cardona-estudiosuperior-terraza-3.jpg\" alt class=\"img-responsive wp-image-3760\" srcset=\"https:\/\/www.alojamientoscardona.com\/wp-content\/uploads\/2020\/03\/cardona-estudiosuperior-terraza-3-200x150.jpg 200w, https:\/\/www.alojamientoscardona.com\/wp-content\/uploads\/2020\/03\/cardona-estudiosuperior-terraza-3-400x300.jpg 400w, https:\/\/www.alojamientoscardona.com\/wp-content\/uploads\/2020\/03\/cardona-estudiosuperior-terraza-3-600x450.jpg 600w, https:\/\/www.alojamientoscardona.com\/wp-content\/uploads\/2020\/03\/cardona-estudiosuperior-terraza-3-800x600.jpg 800w, https:\/\/www.alojamientoscardona.com\/wp-content\/uploads\/2020\/03\/cardona-estudiosuperior-terraza-3-1200x900.jpg 1200w, https:\/\/www.alojamientoscardona.com\/wp-content\/uploads\/2020\/03\/cardona-estudiosuperior-terraza-3.jpg 4896w\" sizes=\"(max-width: 800px) 100vw, 400px\" \/><\/span><\/div><div class=\"fusion-sep-clear\"><\/div><div class=\"fusion-separator fusion-full-width-sep\" style=\"margin-left: auto;margin-right: auto;margin-top:10px;margin-bottom:15px;width:100%;\"><\/div><div class=\"fusion-sep-clear\"><\/div><div class=\"fusion-text fusion-text-14\"><h2 data-fontsize=\"40\" data-lineheight=\"51\">Studio Doppio Superiore<\/h2>\n<p>Uno studio per due persone, nel pieno Parco Naturale Las Salinas e a pochi chilometri da Es Pujols. La cucina \u00e8 del tutto equipaggiata, ha un terrazzo e un giardino condiviso.<\/p>\n<\/div><div class=\"fusion-align-block\"><a class=\"fusion-button button-flat fusion-button-default-size button-default fusion-button-default button-13 fusion-button-span-yes fusion-button-default-type\" target=\"_self\" href=\"https:\/\/www.alojamientoscardona.com\/it\/alloggi\/studio-doppio-superiore\/\"><span class=\"fusion-button-text\">Scopri di pi\u00f9<\/span><\/a><\/div><div class=\"fusion-sep-clear\"><\/div><div class=\"fusion-separator fusion-full-width-sep\" style=\"margin-left: auto;margin-right: auto;margin-top:10px;width:100%;\"><\/div><div class=\"fusion-sep-clear\"><\/div><div class=\"fusion-align-block\"><a class=\"fusion-button button-flat fusion-button-default-size button-default fusion-button-default button-14 fusion-button-span-yes fusion-button-default-type\" target=\"_self\" href=\"https:\/\/checkout.lodgify.com\/cardona\/es\/?currency=EUR#\/253638\"><span class=\"fusion-button-text\">Prenota ora<\/span><\/a><\/div><div class=\"fusion-clearfix\"><\/div><\/div><\/div><div class=\"fusion-layout-column fusion_builder_column fusion-builder-column-12 fusion_builder_column_1_3 1_3 fusion-one-third fusion-column-last\" style=\"--awb-padding-top:20px;--awb-padding-right:20px;--awb-padding-bottom:20px;--awb-padding-left:20px;--awb-bg-color:#ffffff;--awb-bg-color-hover:#ffffff;--awb-bg-size:cover;width:33.333333333333%;width:calc(33.333333333333% - ( ( 4% ) * 0.33333333333333 ) );\"><div class=\"fusion-column-wrapper fusion-flex-column-wrapper-legacy\"><div class=\"fusion-image-element in-legacy-container\" style=\"--awb-caption-title-font-family:var(--h2_typography-font-family);--awb-caption-title-font-weight:var(--h2_typography-font-weight);--awb-caption-title-font-style:var(--h2_typography-font-style);--awb-caption-title-size:var(--h2_typography-font-size);--awb-caption-title-transform:var(--h2_typography-text-transform);--awb-caption-title-line-height:var(--h2_typography-line-height);--awb-caption-title-letter-spacing:var(--h2_typography-letter-spacing);\"><span class=\" fusion-imageframe imageframe-none imageframe-10 hover-type-none\"><img decoding=\"async\" width=\"1950\" height=\"1200\" title=\"Estudio vacacional en Formentera con ampliiop sal\u00f3n. Alojamientos tur\u00edsticos Cardona\" src=\"http:\/\/www.alojamientoscardona.com\/wp-content\/uploads\/2019\/02\/alojamientos-cardona-dos.jpg\" alt class=\"img-responsive wp-image-3073\" srcset=\"https:\/\/www.alojamientoscardona.com\/wp-content\/uploads\/2019\/02\/alojamientos-cardona-dos-200x123.jpg 200w, https:\/\/www.alojamientoscardona.com\/wp-content\/uploads\/2019\/02\/alojamientos-cardona-dos-400x246.jpg 400w, https:\/\/www.alojamientoscardona.com\/wp-content\/uploads\/2019\/02\/alojamientos-cardona-dos-600x369.jpg 600w, https:\/\/www.alojamientoscardona.com\/wp-content\/uploads\/2019\/02\/alojamientos-cardona-dos-800x492.jpg 800w, https:\/\/www.alojamientoscardona.com\/wp-content\/uploads\/2019\/02\/alojamientos-cardona-dos-1200x738.jpg 1200w, https:\/\/www.alojamientoscardona.com\/wp-content\/uploads\/2019\/02\/alojamientos-cardona-dos.jpg 1950w\" sizes=\"(max-width: 800px) 100vw, 400px\" \/><\/span><\/div><div class=\"fusion-sep-clear\"><\/div><div class=\"fusion-separator fusion-full-width-sep\" style=\"margin-left: auto;margin-right: auto;margin-top:10px;margin-bottom:15px;width:100%;\"><\/div><div class=\"fusion-sep-clear\"><\/div><div class=\"fusion-text fusion-text-15\"><h2 data-fontsize=\"40\" data-lineheight=\"51\">Studio Doppio Standard<\/h2>\n<p>Uno studio per due persone, nel pieno Parco Naturale Las Salinas e a pochi chilometri da Es Pujols. La cucina \u00e8 del tutto equipaggiata, ha un terrazzo e un giardino condiviso.<\/p>\n<\/div><div class=\"fusion-align-block\"><a class=\"fusion-button button-flat fusion-button-default-size button-default fusion-button-default button-15 fusion-button-span-yes fusion-button-default-type\" target=\"_self\" href=\"https:\/\/www.alojamientoscardona.com\/it\/alloggi\/studio-doppio-standard\/\"><span class=\"fusion-button-text\">Scopri di pi\u00f9<\/span><\/a><\/div><div class=\"fusion-sep-clear\"><\/div><div class=\"fusion-separator fusion-full-width-sep\" style=\"margin-left: auto;margin-right: auto;margin-top:10px;width:100%;\"><\/div><div class=\"fusion-sep-clear\"><\/div><div class=\"fusion-align-block\"><a class=\"fusion-button button-flat fusion-button-default-size button-default fusion-button-default button-16 fusion-button-span-yes fusion-button-default-type\" target=\"_self\" href=\"https:\/\/checkout.lodgify.com\/cardona\/es\/?currency=EUR#\/254319\"><span class=\"fusion-button-text\">Prenota ora<\/span><\/a><\/div><div class=\"fusion-clearfix\"><\/div><\/div><\/div><\/div><\/div><div id=\"alojamientos\" class=\"fusion-container-anchor\"><div class=\"fusion-fullwidth fullwidth-box fusion-builder-row-5 nonhundred-percent-fullwidth non-hundred-percent-height-scrolling fusion-no-small-visibility\" style=\"--awb-background-position:center top;--awb-border-sizes-top:0px;--awb-border-sizes-bottom:0px;--awb-border-sizes-left:0px;--awb-border-sizes-right:0px;--awb-border-radius-top-left:0px;--awb-border-radius-top-right:0px;--awb-border-radius-bottom-right:0px;--awb-border-radius-bottom-left:0px;--awb-padding-top:50px;--awb-padding-bottom:50px;--awb-background-color:#ffffff;--awb-flex-wrap:wrap;\" id=\"#alojamientos\" ><div class=\"fusion-builder-row fusion-row\"><div class=\"fusion-layout-column fusion_builder_column fusion-builder-column-13 fusion_builder_column_1_1 1_1 fusion-one-full fusion-column-first fusion-column-last fusion-column-no-min-height\" style=\"--awb-bg-size:cover;--awb-margin-bottom:0px;\"><div class=\"fusion-column-wrapper fusion-flex-column-wrapper-legacy\"><div class=\"fusion-text fusion-text-16\"><p style=\"letter-spacing: 4px; font-size: 13px; text-align: center; margin-bottom: 0px;\">I MIGLIORI APPARTAMENTI E CASE A FORMENTERA<br \/>\nPER UNA VACANZA INDIMENTICABILE<\/p>\n<h2 style=\"text-align: center;\">Scopri i nostri alloggi<\/h2>\n<\/div><div class=\"fusion-image-element fusion-image-align-center in-legacy-container\" style=\"text-align:center;--awb-caption-title-font-family:var(--h2_typography-font-family);--awb-caption-title-font-weight:var(--h2_typography-font-weight);--awb-caption-title-font-style:var(--h2_typography-font-style);--awb-caption-title-size:var(--h2_typography-font-size);--awb-caption-title-transform:var(--h2_typography-text-transform);--awb-caption-title-line-height:var(--h2_typography-line-height);--awb-caption-title-letter-spacing:var(--h2_typography-letter-spacing);\"><div class=\"imageframe-align-center\"><span class=\" fusion-imageframe imageframe-none imageframe-11 hover-type-none\"><img decoding=\"async\" width=\"134\" height=\"30\" title=\"Alojamientos tur\u00edsticos Cardona en Formentera\" src=\"http:\/\/www.alojamientoscardona.com\/wp-content\/uploads\/2019\/01\/Forniture-02alojamientos-cardona.png\" alt class=\"img-responsive wp-image-3055\"\/><\/span><\/div><\/div><div class=\"fusion-clearfix\"><\/div><\/div><\/div><\/div><\/div><\/div><div class=\"fusion-fullwidth fullwidth-box fusion-builder-row-6 fusion-parallax-none rp-margen nonhundred-percent-fullwidth non-hundred-percent-height-scrolling fusion-no-small-visibility\" style=\"--awb-border-radius-top-left:0px;--awb-border-radius-top-right:0px;--awb-border-radius-bottom-right:0px;--awb-border-radius-bottom-left:0px;--awb-padding-top:50px;--awb-padding-bottom:50px;--awb-background-image:url(&quot;https:\/\/www.alojamientoscardona.com\/wp-content\/uploads\/2019\/01\/can-cardona.jpg&quot;);--awb-background-size:cover;--awb-flex-wrap:wrap;\" ><div class=\"fusion-builder-row fusion-row\"><div class=\"fusion-layout-column fusion_builder_column fusion-builder-column-14 fusion_builder_column_1_2 1_2 fusion-one-half fusion-column-first\" style=\"--awb-padding-top:20px;--awb-padding-right:20px;--awb-padding-bottom:20px;--awb-padding-left:20px;--awb-bg-color:rgba(255,255,255,0.9);--awb-bg-color-hover:rgba(255,255,255,0.9);--awb-bg-size:cover;width:50%;width:calc(50% - ( ( 4% ) * 0.5 ) );margin-right: 4%;\"><div class=\"fusion-column-wrapper fusion-flex-column-wrapper-legacy\"><div class=\"fusion-text fusion-text-17\"><h2 data-fontsize=\"40\" data-lineheight=\"51\">Can Cardona<\/h2>\n<p>Villa a Formentera composta di 5 stanze e adatta fino a 12 persone. Pi\u00f9 di 400m2 di spazio, con accesso privato alla spiaggia Migjorn. Questa lussuosa casa rurale ha una propria piscina e un giardino grande. Le stanze sono ampie, con bagno privato e terrazzo.<\/p>\n<\/div><div class=\"fusion-button-wrapper\"><a class=\"fusion-button button-flat fusion-button-default-size button-default fusion-button-default button-17 fusion-button-default-span fusion-button-default-type rp-botones-r\" target=\"_self\" href=\"https:\/\/www.alojamientoscardona.com\/it\/alloggi\/can-cardona\/\"><span class=\"fusion-button-text\">Scopri di pi\u00f9<\/span><\/a><\/div><div class=\"fusion-button-wrapper\"><a class=\"fusion-button button-flat fusion-button-default-size button-default fusion-button-default button-18 fusion-button-default-span fusion-button-default-type rp-botones-l\" target=\"_self\" href=\"https:\/\/www.alojamientoscardona.com\/can-cardona\/\"><span class=\"fusion-button-text\">Prenota ora<\/span><\/a><\/div><div class=\"fusion-clearfix\"><\/div><\/div><\/div><div class=\"fusion-layout-column fusion_builder_column fusion-builder-column-15 fusion_builder_column_1_2 1_2 fusion-one-half fusion-column-last\" style=\"--awb-bg-size:cover;width:50%;width:calc(50% - ( ( 4% ) * 0.5 ) );\"><div class=\"fusion-column-wrapper fusion-flex-column-wrapper-legacy\"><div class=\"fusion-clearfix\"><\/div><\/div><\/div><\/div><\/div><div class=\"fusion-fullwidth fullwidth-box fusion-builder-row-7 fusion-parallax-none rp-margen nonhundred-percent-fullwidth non-hundred-percent-height-scrolling fusion-no-small-visibility\" style=\"--awb-border-radius-top-left:0px;--awb-border-radius-top-right:0px;--awb-border-radius-bottom-right:0px;--awb-border-radius-bottom-left:0px;--awb-padding-top:50px;--awb-padding-bottom:50px;--awb-background-image:url(&quot;https:\/\/www.alojamientoscardona.com\/wp-content\/uploads\/2019\/01\/carlets.jpg&quot;);--awb-background-size:cover;--awb-flex-wrap:wrap;\" ><div class=\"fusion-builder-row fusion-row\"><div class=\"fusion-layout-column fusion_builder_column fusion-builder-column-16 fusion_builder_column_1_2 1_2 fusion-one-half fusion-column-first\" style=\"--awb-bg-size:cover;width:50%;width:calc(50% - ( ( 4% ) * 0.5 ) );margin-right: 4%;\"><div class=\"fusion-column-wrapper fusion-flex-column-wrapper-legacy\"><div class=\"fusion-clearfix\"><\/div><\/div><\/div><div class=\"fusion-layout-column fusion_builder_column fusion-builder-column-17 fusion_builder_column_1_2 1_2 fusion-one-half fusion-column-last\" style=\"--awb-padding-top:20px;--awb-padding-right:20px;--awb-padding-bottom:20px;--awb-padding-left:20px;--awb-bg-color:rgba(255,255,255,0.9);--awb-bg-color-hover:rgba(255,255,255,0.9);--awb-bg-size:cover;width:50%;width:calc(50% - ( ( 4% ) * 0.5 ) );\"><div class=\"fusion-column-wrapper fusion-flex-column-wrapper-legacy\"><div class=\"fusion-text fusion-text-18\"><h2 data-fontsize=\"40\" data-lineheight=\"51\">Can Carlets<\/h2>\n<p>Una casa rurale tipica di Formentera, composta di 2 stanze e adatta fino a 5 persone. La casa \u00e8 circondata da un giardino di fichi e ulivi. Si trova a pochi minuti da San Francisco Javier e La Savina.<\/p>\n<\/div><div class=\"fusion-button-wrapper\"><a class=\"fusion-button button-flat fusion-button-default-size button-default fusion-button-default button-19 fusion-button-default-span fusion-button-default-type rp-botones-r\" target=\"_self\" href=\"https:\/\/www.alojamientoscardona.com\/it\/alloggi\/can-carlets\/\"><span class=\"fusion-button-text\">Scopri di pi\u00f9<\/span><\/a><\/div><div class=\"fusion-button-wrapper\"><a class=\"fusion-button button-flat fusion-button-default-size button-default fusion-button-default button-20 fusion-button-default-span fusion-button-default-type rp-botones-l\" target=\"_self\" href=\"https:\/\/checkout.lodgify.com\/cardona\/es\/?currency=EUR#\/253631\"><span class=\"fusion-button-text\">Prenota ora<\/span><\/a><\/div><div class=\"fusion-clearfix\"><\/div><\/div><\/div><\/div><\/div><div class=\"fusion-fullwidth fullwidth-box fusion-builder-row-8 fusion-parallax-none rp-margen nonhundred-percent-fullwidth non-hundred-percent-height-scrolling fusion-no-small-visibility\" style=\"--awb-border-radius-top-left:0px;--awb-border-radius-top-right:0px;--awb-border-radius-bottom-right:0px;--awb-border-radius-bottom-left:0px;--awb-padding-top:50px;--awb-padding-bottom:50px;--awb-background-image:url(&quot;https:\/\/www.alojamientoscardona.com\/wp-content\/uploads\/2019\/01\/carletsII.jpg&quot;);--awb-background-size:cover;--awb-flex-wrap:wrap;\" ><div class=\"fusion-builder-row fusion-row\"><div class=\"fusion-layout-column fusion_builder_column fusion-builder-column-18 fusion_builder_column_1_2 1_2 fusion-one-half fusion-column-first\" style=\"--awb-padding-top:20px;--awb-padding-right:20px;--awb-padding-bottom:20px;--awb-padding-left:20px;--awb-bg-color:rgba(255,255,255,0.9);--awb-bg-color-hover:rgba(255,255,255,0.9);--awb-bg-size:cover;width:50%;width:calc(50% - ( ( 4% ) * 0.5 ) );margin-right: 4%;\"><div class=\"fusion-column-wrapper fusion-flex-column-wrapper-legacy\"><div class=\"fusion-text fusion-text-19\"><h2 data-fontsize=\"40\" data-lineheight=\"51\">Can Carlets II<\/h2>\n<p>Casa rurale a Formentera, composta di 2 stanze e adatta fino a 5 persone. La circonda un ampio giardino di fichi e ulivi. Si trova a pochissimi minuti da San Francisco Javier, il capoluogo dell\u2019isola.<\/p>\n<\/div><div class=\"fusion-button-wrapper\"><a class=\"fusion-button button-flat fusion-button-default-size button-default fusion-button-default button-21 fusion-button-default-span fusion-button-default-type rp-botones-r\" target=\"_self\" href=\"https:\/\/www.alojamientoscardona.com\/it\/alloggi\/can-carlets-ii\/\"><span class=\"fusion-button-text\">Scopri di pi\u00f9<\/span><\/a><\/div><div class=\"fusion-button-wrapper\"><a class=\"fusion-button button-flat fusion-button-default-size button-default fusion-button-default button-22 fusion-button-default-span fusion-button-default-type rp-botones-l\" target=\"_self\" href=\"https:\/\/checkout.lodgify.com\/cardona\/es\/?currency=EUR#\/253632\"><span class=\"fusion-button-text\">Prenota ora<\/span><\/a><\/div><div class=\"fusion-clearfix\"><\/div><\/div><\/div><div class=\"fusion-layout-column fusion_builder_column fusion-builder-column-19 fusion_builder_column_1_2 1_2 fusion-one-half fusion-column-last\" style=\"--awb-bg-size:cover;width:50%;width:calc(50% - ( ( 4% ) * 0.5 ) );\"><div class=\"fusion-column-wrapper fusion-flex-column-wrapper-legacy\"><div class=\"fusion-clearfix\"><\/div><\/div><\/div><\/div><\/div><div class=\"fusion-fullwidth fullwidth-box fusion-builder-row-9 fusion-parallax-none rp-margen nonhundred-percent-fullwidth non-hundred-percent-height-scrolling fusion-no-small-visibility\" style=\"--awb-border-radius-top-left:0px;--awb-border-radius-top-right:0px;--awb-border-radius-bottom-right:0px;--awb-border-radius-bottom-left:0px;--awb-padding-top:50px;--awb-padding-bottom:50px;--awb-background-image:url(&quot;http:\/\/www.alojamientoscardona.com\/wp-content\/uploads\/2024\/12\/Jardin-mediterraneo-para-desconectar-en-Formentera.webp&quot;);--awb-background-size:cover;--awb-flex-wrap:wrap;\" ><div class=\"fusion-builder-row fusion-row\"><div class=\"fusion-layout-column fusion_builder_column fusion-builder-column-20 fusion_builder_column_1_2 1_2 fusion-one-half fusion-column-first\" style=\"--awb-bg-size:cover;width:50%;width:calc(50% - ( ( 4% ) * 0.5 ) );margin-right: 4%;\"><div class=\"fusion-column-wrapper fusion-flex-column-wrapper-legacy\"><div class=\"fusion-clearfix\"><\/div><\/div><\/div><div class=\"fusion-layout-column fusion_builder_column fusion-builder-column-21 fusion_builder_column_1_2 1_2 fusion-one-half fusion-column-last\" style=\"--awb-padding-top:20px;--awb-padding-right:20px;--awb-padding-bottom:20px;--awb-padding-left:20px;--awb-bg-color:rgba(255,255,255,0.9);--awb-bg-color-hover:rgba(255,255,255,0.9);--awb-bg-size:cover;width:50%;width:calc(50% - ( ( 4% ) * 0.5 ) );\"><div class=\"fusion-column-wrapper fusion-flex-column-wrapper-legacy\"><div class=\"fusion-text fusion-text-20\"><h2 data-fontsize=\"40\" data-lineheight=\"51\">Monolocale Superiore<\/h2>\n<p>Monolocale turistico adatto fino a 4 persone. Si trova nel pieno Parco Naturale Las Salinas, prossimo alle migliori spiagge di Formentera. Con terrazzo, giardino condiviso e cucina totalmente equipaggiata.<\/p>\n<\/div><div class=\"fusion-button-wrapper\"><a class=\"fusion-button button-flat fusion-button-default-size button-default fusion-button-default button-23 fusion-button-default-span fusion-button-default-type rp-botones-r\" target=\"_self\" href=\"https:\/\/www.alojamientoscardona.com\/it\/monolocale-superiore\/\"><span class=\"fusion-button-text\">Scopri di pi\u00f9<\/span><\/a><\/div><div class=\"fusion-button-wrapper\"><a class=\"fusion-button button-flat fusion-button-default-size button-default fusion-button-default button-24 fusion-button-default-span fusion-button-default-type rp-botones-l\" target=\"_self\" href=\"https:\/\/checkout.lodgify.com\/cardona\/es\/?currency=EUR#\/254310\"><span class=\"fusion-button-text\">Prenota ora<\/span><\/a><\/div><div class=\"fusion-clearfix\"><\/div><\/div><\/div><\/div><\/div><div class=\"fusion-fullwidth fullwidth-box fusion-builder-row-10 fusion-parallax-none rp-margen nonhundred-percent-fullwidth non-hundred-percent-height-scrolling fusion-no-small-visibility\" style=\"--awb-border-radius-top-left:0px;--awb-border-radius-top-right:0px;--awb-border-radius-bottom-right:0px;--awb-border-radius-bottom-left:0px;--awb-padding-top:50px;--awb-padding-bottom:50px;--awb-background-image:url(&quot;http:\/\/www.alojamientoscardona.com\/wp-content\/uploads\/2024\/12\/Comedor-luminoso-para-tus-dias-en-Formentera.webp&quot;);--awb-background-size:cover;--awb-flex-wrap:wrap;\" ><div class=\"fusion-builder-row fusion-row\"><div class=\"fusion-layout-column fusion_builder_column fusion-builder-column-22 fusion_builder_column_1_2 1_2 fusion-one-half fusion-column-first\" style=\"--awb-padding-top:20px;--awb-padding-right:20px;--awb-padding-bottom:20px;--awb-padding-left:20px;--awb-bg-color:rgba(255,255,255,0.9);--awb-bg-color-hover:rgba(255,255,255,0.9);--awb-bg-size:cover;width:50%;width:calc(50% - ( ( 4% ) * 0.5 ) );margin-right: 4%;\"><div class=\"fusion-column-wrapper fusion-flex-column-wrapper-legacy\"><div class=\"fusion-text fusion-text-21\"><h2 data-fontsize=\"40\" data-lineheight=\"51\">Monolocale Standard<\/h2>\n<p>Monolocale turistico adatto fino a 4 persone. Si trova nel pieno Parco Naturale Las Salinas, a fianco alla famosa spiaggia \u201cPlatja d\u2019Illetas\u201d. Con terrazzo, giardino condiviso e cucina totalmente equipaggiata.<\/p>\n<\/div><div class=\"fusion-button-wrapper\"><a class=\"fusion-button button-flat fusion-button-default-size button-default fusion-button-default button-25 fusion-button-default-span fusion-button-default-type rp-botones-r\" target=\"_self\" href=\"https:\/\/www.alojamientoscardona.com\/it\/alloggi\/monolocale-standard\/\"><span class=\"fusion-button-text\">Scopri di pi\u00f9<\/span><\/a><\/div><div class=\"fusion-button-wrapper\"><a class=\"fusion-button button-flat fusion-button-default-size button-default fusion-button-default button-26 fusion-button-default-span fusion-button-default-type rp-botones-l\" target=\"_self\" href=\"https:\/\/checkout.lodgify.com\/cardona\/es\/?currency=EUR#\/253636\"><span class=\"fusion-button-text\">Prenota ora<\/span><\/a><\/div><div class=\"fusion-clearfix\"><\/div><\/div><\/div><div class=\"fusion-layout-column fusion_builder_column fusion-builder-column-23 fusion_builder_column_1_2 1_2 fusion-one-half fusion-column-last\" style=\"--awb-bg-size:cover;width:50%;width:calc(50% - ( ( 4% ) * 0.5 ) );\"><div class=\"fusion-column-wrapper fusion-flex-column-wrapper-legacy\"><div class=\"fusion-clearfix\"><\/div><\/div><\/div><\/div><\/div><div class=\"fusion-fullwidth fullwidth-box fusion-builder-row-11 fusion-parallax-none rp-margen nonhundred-percent-fullwidth non-hundred-percent-height-scrolling fusion-no-small-visibility\" style=\"--awb-border-radius-top-left:0px;--awb-border-radius-top-right:0px;--awb-border-radius-bottom-right:0px;--awb-border-radius-bottom-left:0px;--awb-padding-top:50px;--awb-padding-bottom:50px;--awb-background-image:url(&quot;http:\/\/www.alojamientoscardona.com\/wp-content\/uploads\/2024\/12\/alquiler-vacacional-en-Formentera.webp&quot;);--awb-background-size:cover;--awb-flex-wrap:wrap;\" ><div class=\"fusion-builder-row fusion-row\"><div class=\"fusion-layout-column fusion_builder_column fusion-builder-column-24 fusion_builder_column_1_2 1_2 fusion-one-half fusion-column-first\" style=\"--awb-bg-size:cover;width:50%;width:calc(50% - ( ( 4% ) * 0.5 ) );margin-right: 4%;\"><div class=\"fusion-column-wrapper fusion-flex-column-wrapper-legacy\"><div class=\"fusion-clearfix\"><\/div><\/div><\/div><div class=\"fusion-layout-column fusion_builder_column fusion-builder-column-25 fusion_builder_column_1_2 1_2 fusion-one-half fusion-column-last\" style=\"--awb-padding-top:20px;--awb-padding-right:20px;--awb-padding-bottom:20px;--awb-padding-left:20px;--awb-bg-color:rgba(255,255,255,0.9);--awb-bg-color-hover:rgba(255,255,255,0.9);--awb-bg-size:cover;width:50%;width:calc(50% - ( ( 4% ) * 0.5 ) );\"><div class=\"fusion-column-wrapper fusion-flex-column-wrapper-legacy\"><div class=\"fusion-text fusion-text-22\"><h2 data-fontsize=\"40\" data-lineheight=\"51\">Bilocale Standard<\/h2>\n<p>Questo bilocale \u00e8 adatto a 6 persone. Ha una terrazza e un giardino condiviso. La cucina ed il salotto sono del tutto equipaggiati. Si trova nel Parco Naturale Las Salinas, prossimo a Es Pujols e alle migliori spiagge di Formentera.<\/p>\n<\/div><div class=\"fusion-button-wrapper\"><a class=\"fusion-button button-flat fusion-button-default-size button-default fusion-button-default button-27 fusion-button-default-span fusion-button-default-type rp-botones-r\" target=\"_self\" href=\"https:\/\/www.alojamientoscardona.com\/it\/alloggi\/bilocale-standard\/\"><span class=\"fusion-button-text\">Scopri di pi\u00f9<\/span><\/a><\/div><div class=\"fusion-button-wrapper\"><a class=\"fusion-button button-flat fusion-button-default-size button-default fusion-button-default button-28 fusion-button-default-span fusion-button-default-type rp-botones-l\" target=\"_self\" href=\"https:\/\/checkout.lodgify.com\/cardona\/es\/?currency=EUR#\/254313\"><span class=\"fusion-button-text\">Prenota ora<\/span><\/a><\/div><div class=\"fusion-clearfix\"><\/div><\/div><\/div><\/div><\/div><div class=\"fusion-fullwidth fullwidth-box fusion-builder-row-12 fusion-parallax-none rp-margen nonhundred-percent-fullwidth non-hundred-percent-height-scrolling fusion-no-small-visibility\" style=\"--awb-border-radius-top-left:0px;--awb-border-radius-top-right:0px;--awb-border-radius-bottom-right:0px;--awb-border-radius-bottom-left:0px;--awb-padding-top:50px;--awb-padding-bottom:50px;--awb-background-image:url(&quot;http:\/\/www.alojamientoscardona.com\/wp-content\/uploads\/2024\/12\/Terraza-perfecta-para-disfrutar-al-aire-libre-en-Formentera.webp&quot;);--awb-background-size:cover;--awb-flex-wrap:wrap;\" ><div class=\"fusion-builder-row fusion-row\"><div class=\"fusion-layout-column fusion_builder_column fusion-builder-column-26 fusion_builder_column_1_2 1_2 fusion-one-half fusion-column-first\" style=\"--awb-padding-top:20px;--awb-padding-right:20px;--awb-padding-bottom:20px;--awb-padding-left:20px;--awb-bg-color:rgba(255,255,255,0.9);--awb-bg-color-hover:rgba(255,255,255,0.9);--awb-bg-size:cover;width:50%;width:calc(50% - ( ( 4% ) * 0.5 ) );margin-right: 4%;\"><div class=\"fusion-column-wrapper fusion-flex-column-wrapper-legacy\"><div class=\"fusion-text fusion-text-23\"><h2 data-fontsize=\"40\" data-lineheight=\"51\">Studio Doppio Superiore<\/h2>\n<p>Uno studio per due persone, nel pieno Parco Naturale Las Salinas e a pochi chilometri da Es Pujols. La cucina \u00e8 del tutto equipaggiata, ha un terrazzo e un giardino condiviso.<\/p>\n<\/div><div class=\"fusion-button-wrapper\"><a class=\"fusion-button button-flat fusion-button-default-size button-default fusion-button-default button-29 fusion-button-default-span fusion-button-default-type rp-botones-r\" target=\"_self\" href=\"https:\/\/www.alojamientoscardona.com\/it\/alloggi\/studio-doppio-superiore\/\"><span class=\"fusion-button-text\">Scopri di pi\u00f9<\/span><\/a><\/div><div class=\"fusion-button-wrapper\"><a class=\"fusion-button button-flat fusion-button-default-size button-default fusion-button-default button-30 fusion-button-default-span fusion-button-default-type rp-botones-l\" target=\"_self\" href=\"https:\/\/checkout.lodgify.com\/cardona\/es\/?currency=EUR#\/253638\"><span class=\"fusion-button-text\">Prenota ora<\/span><\/a><\/div><div class=\"fusion-clearfix\"><\/div><\/div><\/div><div class=\"fusion-layout-column fusion_builder_column fusion-builder-column-27 fusion_builder_column_1_2 1_2 fusion-one-half fusion-column-last\" style=\"--awb-bg-size:cover;width:50%;width:calc(50% - ( ( 4% ) * 0.5 ) );\"><div class=\"fusion-column-wrapper fusion-flex-column-wrapper-legacy\"><div class=\"fusion-clearfix\"><\/div><\/div><\/div><\/div><\/div><div class=\"fusion-fullwidth fullwidth-box fusion-builder-row-13 fusion-parallax-none rp-margen nonhundred-percent-fullwidth non-hundred-percent-height-scrolling fusion-no-small-visibility\" style=\"--awb-border-radius-top-left:0px;--awb-border-radius-top-right:0px;--awb-border-radius-bottom-right:0px;--awb-border-radius-bottom-left:0px;--awb-padding-top:50px;--awb-padding-bottom:50px;--awb-background-image:url(&quot;http:\/\/www.alojamientoscardona.com\/wp-content\/uploads\/2024\/12\/Apartamento-ideal-para-explorar-Platja-de-Llevant.webp&quot;);--awb-background-size:cover;--awb-flex-wrap:wrap;\" ><div class=\"fusion-builder-row fusion-row\"><div class=\"fusion-layout-column fusion_builder_column fusion-builder-column-28 fusion_builder_column_1_2 1_2 fusion-one-half fusion-column-first\" style=\"--awb-bg-size:cover;width:50%;width:calc(50% - ( ( 4% ) * 0.5 ) );margin-right: 4%;\"><div class=\"fusion-column-wrapper fusion-flex-column-wrapper-legacy\"><div class=\"fusion-clearfix\"><\/div><\/div><\/div><div class=\"fusion-layout-column fusion_builder_column fusion-builder-column-29 fusion_builder_column_1_2 1_2 fusion-one-half fusion-column-last\" style=\"--awb-padding-top:20px;--awb-padding-right:20px;--awb-padding-bottom:20px;--awb-padding-left:20px;--awb-bg-color:rgba(255,255,255,0.9);--awb-bg-color-hover:rgba(255,255,255,0.9);--awb-bg-size:cover;width:50%;width:calc(50% - ( ( 4% ) * 0.5 ) );\"><div class=\"fusion-column-wrapper fusion-flex-column-wrapper-legacy\"><div class=\"fusion-text fusion-text-24\"><h2 data-fontsize=\"40\" data-lineheight=\"51\">Studio Doppio Standard<\/h2>\n<p>Uno studio per due persone, nel pieno Parco Naturale Las Salinas e a pochi chilometri da Es Pujols. La cucina \u00e8 del tutto equipaggiata, ha un terrazzo e un giardino condiviso.<\/p>\n<\/div><div class=\"fusion-button-wrapper\"><a class=\"fusion-button button-flat fusion-button-default-size button-default fusion-button-default button-31 fusion-button-default-span fusion-button-default-type rp-botones-r\" target=\"_self\" href=\"https:\/\/www.alojamientoscardona.com\/it\/alloggi\/studio-doppio-standard\/\"><span class=\"fusion-button-text\">Scopri di pi\u00f9<\/span><\/a><\/div><div class=\"fusion-button-wrapper\"><a class=\"fusion-button button-flat fusion-button-default-size button-default fusion-button-default button-32 fusion-button-default-span fusion-button-default-type rp-botones-l\" target=\"_self\" href=\"https:\/\/checkout.lodgify.com\/cardona\/es\/?currency=EUR#\/254319\"><span class=\"fusion-button-text\">Prenota ora<\/span><\/a><\/div><div class=\"fusion-clearfix\"><\/div><\/div><\/div><\/div><\/div><div class=\"fusion-fullwidth fullwidth-box fusion-builder-row-14 fusion-parallax-none nonhundred-percent-fullwidth non-hundred-percent-height-scrolling\" style=\"--awb-border-radius-top-left:0px;--awb-border-radius-top-right:0px;--awb-border-radius-bottom-right:0px;--awb-border-radius-bottom-left:0px;--awb-padding-top:50px;--awb-background-image:url(&quot;https:\/\/www.alojamientoscardona.com\/wp-content\/uploads\/2019\/01\/wall.jpg&quot;);--awb-background-size:cover;--awb-flex-wrap:wrap;\" ><div class=\"fusion-builder-row fusion-row\"><div class=\"fusion-layout-column fusion_builder_column fusion-builder-column-30 fusion_builder_column_1_1 1_1 fusion-one-full fusion-column-first fusion-column-last fusion-column-no-min-height\" style=\"--awb-bg-size:cover;--awb-margin-bottom:0px;\"><div class=\"fusion-column-wrapper fusion-flex-column-wrapper-legacy\"><div class=\"fusion-text fusion-text-25\"><h2 style=\"text-align: center;\">Servizi<\/h2>\n<\/div><div class=\"fusion-image-element fusion-image-align-center in-legacy-container\" style=\"text-align:center;--awb-caption-title-font-family:var(--h2_typography-font-family);--awb-caption-title-font-weight:var(--h2_typography-font-weight);--awb-caption-title-font-style:var(--h2_typography-font-style);--awb-caption-title-size:var(--h2_typography-font-size);--awb-caption-title-transform:var(--h2_typography-text-transform);--awb-caption-title-line-height:var(--h2_typography-line-height);--awb-caption-title-letter-spacing:var(--h2_typography-letter-spacing);\"><div class=\"imageframe-align-center\"><span class=\" fusion-imageframe imageframe-none imageframe-12 hover-type-none\"><img decoding=\"async\" width=\"134\" height=\"30\" title=\"Alojamientos tur\u00edsticos Cardona en Formentera\" src=\"http:\/\/www.alojamientoscardona.com\/wp-content\/uploads\/2019\/01\/Forniture-02alojamientos-cardona.png\" alt class=\"img-responsive wp-image-3055\"\/><\/span><\/div><\/div><div class=\"fusion-sep-clear\"><\/div><div class=\"fusion-separator fusion-full-width-sep\" style=\"margin-left: auto;margin-right: auto;margin-top:25px;width:100%;\"><\/div><div class=\"fusion-sep-clear\"><\/div><div class=\"fusion-text fusion-text-26\"><p style=\"text-align: center;\">Servizio di trasporto, esclusivo agli ospiti.<\/p>\n<\/div><div class=\"fusion-clearfix\"><\/div><\/div><\/div><\/div><\/div><div class=\"fusion-fullwidth fullwidth-box fusion-builder-row-15 fusion-parallax-none nonhundred-percent-fullwidth non-hundred-percent-height-scrolling fusion-equal-height-columns\" style=\"--awb-border-radius-top-left:0px;--awb-border-radius-top-right:0px;--awb-border-radius-bottom-right:0px;--awb-border-radius-bottom-left:0px;--awb-padding-bottom:50px;--awb-background-image:url(&quot;https:\/\/www.alojamientoscardona.com\/wp-content\/uploads\/2019\/01\/wall.jpg&quot;);--awb-background-size:cover;--awb-flex-wrap:wrap;\" ><div class=\"fusion-builder-row fusion-row\"><div class=\"fusion-layout-column fusion_builder_column fusion-builder-column-31 fusion_builder_column_1_3 1_3 fusion-one-third fusion-column-first\" style=\"--awb-padding-top:10px;--awb-padding-right:10px;--awb-padding-bottom:10px;--awb-padding-left:10px;--awb-bg-color:#eaeaea;--awb-bg-color-hover:#eaeaea;--awb-bg-image:url(&#039;https:\/\/www.alojamientoscardona.com\/wp-content\/uploads\/2019\/01\/wall.jpg&#039;);--awb-bg-size:cover;--awb-border-color:#c6ab6a;--awb-border-top:1px;--awb-border-right:1px;--awb-border-bottom:1px;--awb-border-left:1px;--awb-border-style:solid;width:33.333333333333%;width:calc(33.333333333333% - ( ( 4% + 4% ) * 0.33333333333333 ) );margin-right: 4%;\"><div class=\"fusion-column-wrapper fusion-flex-column-wrapper-legacy fusion-column-has-bg-image\" data-bg-url=\"https:\/\/www.alojamientoscardona.com\/wp-content\/uploads\/2019\/01\/wall.jpg\"><div class=\"fusion-image-element fusion-image-align-center in-legacy-container\" style=\"text-align:center;--awb-caption-title-font-family:var(--h2_typography-font-family);--awb-caption-title-font-weight:var(--h2_typography-font-weight);--awb-caption-title-font-style:var(--h2_typography-font-style);--awb-caption-title-size:var(--h2_typography-font-size);--awb-caption-title-transform:var(--h2_typography-text-transform);--awb-caption-title-line-height:var(--h2_typography-line-height);--awb-caption-title-letter-spacing:var(--h2_typography-letter-spacing);\"><div class=\"imageframe-align-center\"><span class=\" fusion-imageframe imageframe-none imageframe-13 hover-type-none\"><a class=\"fusion-no-lightbox\" href=\"https:\/\/www.alojamientoscardona.com\/it\/servizi\/trasporto-dallaeroporto\/\" target=\"_self\" aria-label=\"www.ibizavipbus.com Private Jet 2\"><img decoding=\"async\" width=\"2016\" height=\"1512\" src=\"http:\/\/www.alojamientoscardona.com\/wp-content\/uploads\/2019\/02\/www.ibizavipbus.com-Private-Jet-2.jpg\" alt class=\"img-responsive wp-image-3117\" srcset=\"https:\/\/www.alojamientoscardona.com\/wp-content\/uploads\/2019\/02\/www.ibizavipbus.com-Private-Jet-2-200x150.jpg 200w, https:\/\/www.alojamientoscardona.com\/wp-content\/uploads\/2019\/02\/www.ibizavipbus.com-Private-Jet-2-400x300.jpg 400w, https:\/\/www.alojamientoscardona.com\/wp-content\/uploads\/2019\/02\/www.ibizavipbus.com-Private-Jet-2-600x450.jpg 600w, https:\/\/www.alojamientoscardona.com\/wp-content\/uploads\/2019\/02\/www.ibizavipbus.com-Private-Jet-2-800x600.jpg 800w, https:\/\/www.alojamientoscardona.com\/wp-content\/uploads\/2019\/02\/www.ibizavipbus.com-Private-Jet-2-1200x900.jpg 1200w, https:\/\/www.alojamientoscardona.com\/wp-content\/uploads\/2019\/02\/www.ibizavipbus.com-Private-Jet-2.jpg 2016w\" sizes=\"(max-width: 800px) 100vw, 400px\" \/><\/a><\/span><\/div><\/div><div class=\"fusion-sep-clear\"><\/div><div class=\"fusion-separator fusion-full-width-sep\" style=\"margin-left: auto;margin-right: auto;margin-top:10px;width:100%;\"><\/div><div class=\"fusion-sep-clear\"><\/div><div class=\"fusion-text fusion-text-27\"><h5 style=\"text-align: center;\">Servizio di trasporto dall\u2019aeroporto.<\/h5>\n<\/div><div class=\"fusion-align-block\"><a class=\"fusion-button button-flat fusion-button-default-size button-default fusion-button-default button-33 fusion-button-span-yes fusion-button-default-type\" target=\"_self\" href=\"https:\/\/www.alojamientoscardona.com\/it\/servizi\/trasporto-dallaeroporto\/\"><span class=\"fusion-button-text\">Scopri di pi\u00f9<\/span><\/a><\/div><div class=\"fusion-clearfix\"><\/div><\/div><\/div><div class=\"fusion-layout-column fusion_builder_column fusion-builder-column-32 fusion_builder_column_1_3 1_3 fusion-one-third\" style=\"--awb-padding-top:10px;--awb-padding-right:10px;--awb-padding-bottom:10px;--awb-padding-left:10px;--awb-bg-color:#eaeaea;--awb-bg-color-hover:#eaeaea;--awb-bg-image:url(&#039;https:\/\/www.alojamientoscardona.com\/wp-content\/uploads\/2019\/01\/wall.jpg&#039;);--awb-bg-size:cover;--awb-border-color:#c6ab6a;--awb-border-top:1px;--awb-border-right:1px;--awb-border-bottom:1px;--awb-border-left:1px;--awb-border-style:solid;width:33.333333333333%;width:calc(33.333333333333% - ( ( 4% + 4% ) * 0.33333333333333 ) );margin-right: 4%;\"><div class=\"fusion-column-wrapper fusion-flex-column-wrapper-legacy fusion-column-has-bg-image\" data-bg-url=\"https:\/\/www.alojamientoscardona.com\/wp-content\/uploads\/2019\/01\/wall.jpg\"><div class=\"fusion-image-element fusion-image-align-center in-legacy-container\" style=\"text-align:center;--awb-caption-title-font-family:var(--h2_typography-font-family);--awb-caption-title-font-weight:var(--h2_typography-font-weight);--awb-caption-title-font-style:var(--h2_typography-font-style);--awb-caption-title-size:var(--h2_typography-font-size);--awb-caption-title-transform:var(--h2_typography-text-transform);--awb-caption-title-line-height:var(--h2_typography-line-height);--awb-caption-title-letter-spacing:var(--h2_typography-letter-spacing);\"><div class=\"imageframe-align-center\"><span class=\" fusion-imageframe imageframe-none imageframe-14 hover-type-none\"><a class=\"fusion-no-lightbox\" href=\"https:\/\/www.alojamientoscardona.com\/it\/servizi\/ferry-from-ibiza-to-formentera\/\" target=\"_self\" aria-label=\"ferry\"><img decoding=\"async\" width=\"2016\" height=\"1512\" src=\"http:\/\/www.alojamientoscardona.com\/wp-content\/uploads\/2019\/03\/ferry.jpg\" alt class=\"img-responsive wp-image-3119\" srcset=\"https:\/\/www.alojamientoscardona.com\/wp-content\/uploads\/2019\/03\/ferry-200x150.jpg 200w, https:\/\/www.alojamientoscardona.com\/wp-content\/uploads\/2019\/03\/ferry-400x300.jpg 400w, https:\/\/www.alojamientoscardona.com\/wp-content\/uploads\/2019\/03\/ferry-600x450.jpg 600w, https:\/\/www.alojamientoscardona.com\/wp-content\/uploads\/2019\/03\/ferry-800x600.jpg 800w, https:\/\/www.alojamientoscardona.com\/wp-content\/uploads\/2019\/03\/ferry-1200x900.jpg 1200w, https:\/\/www.alojamientoscardona.com\/wp-content\/uploads\/2019\/03\/ferry.jpg 2016w\" sizes=\"(max-width: 800px) 100vw, 400px\" \/><\/a><\/span><\/div><\/div><div class=\"fusion-sep-clear\"><\/div><div class=\"fusion-separator fusion-full-width-sep\" style=\"margin-left: auto;margin-right: auto;margin-top:10px;width:100%;\"><\/div><div class=\"fusion-sep-clear\"><\/div><div class=\"fusion-text fusion-text-28\"><h5 style=\"text-align: center;\">Ferry da Ibiza a Formentera<\/h5>\n<\/div><div class=\"fusion-align-block\"><a class=\"fusion-button button-flat fusion-button-default-size button-default fusion-button-default button-34 fusion-button-span-yes fusion-button-default-type\" target=\"_self\" href=\"https:\/\/www.alojamientoscardona.com\/it\/servizi\/ferry-from-ibiza-to-formentera\/\"><span class=\"fusion-button-text\">Scopri di pi\u00f9<\/span><\/a><\/div><div class=\"fusion-clearfix\"><\/div><\/div><\/div><div class=\"fusion-layout-column fusion_builder_column fusion-builder-column-33 fusion_builder_column_1_3 1_3 fusion-one-third fusion-column-last\" style=\"--awb-padding-top:10px;--awb-padding-right:10px;--awb-padding-bottom:10px;--awb-padding-left:10px;--awb-bg-color:#eaeaea;--awb-bg-color-hover:#eaeaea;--awb-bg-image:url(&#039;https:\/\/www.alojamientoscardona.com\/wp-content\/uploads\/2019\/01\/wall.jpg&#039;);--awb-bg-size:cover;--awb-border-color:#c6ab6a;--awb-border-top:1px;--awb-border-right:1px;--awb-border-bottom:1px;--awb-border-left:1px;--awb-border-style:solid;width:33.333333333333%;width:calc(33.333333333333% - ( ( 4% + 4% ) * 0.33333333333333 ) );\"><div class=\"fusion-column-wrapper fusion-flex-column-wrapper-legacy fusion-column-has-bg-image\" data-bg-url=\"https:\/\/www.alojamientoscardona.com\/wp-content\/uploads\/2019\/01\/wall.jpg\"><div class=\"fusion-image-element fusion-image-align-center in-legacy-container\" style=\"text-align:center;--awb-caption-title-font-family:var(--h2_typography-font-family);--awb-caption-title-font-weight:var(--h2_typography-font-weight);--awb-caption-title-font-style:var(--h2_typography-font-style);--awb-caption-title-size:var(--h2_typography-font-size);--awb-caption-title-transform:var(--h2_typography-text-transform);--awb-caption-title-line-height:var(--h2_typography-line-height);--awb-caption-title-letter-spacing:var(--h2_typography-letter-spacing);\"><div class=\"imageframe-align-center\"><span class=\" fusion-imageframe imageframe-none imageframe-15 hover-type-none\"><a class=\"fusion-no-lightbox\" href=\"https:\/\/www.alojamientoscardona.com\/it\/servizi\/noleggio-auto\/\" target=\"_self\" aria-label=\"alquiler-de-coches-alojamientos-cardona\"><img decoding=\"async\" width=\"2016\" height=\"1512\" src=\"http:\/\/www.alojamientoscardona.com\/wp-content\/uploads\/2019\/04\/alquiler-de-coches-alojamientos-cardona.jpg\" alt class=\"img-responsive wp-image-3662\" srcset=\"https:\/\/www.alojamientoscardona.com\/wp-content\/uploads\/2019\/04\/alquiler-de-coches-alojamientos-cardona-200x150.jpg 200w, https:\/\/www.alojamientoscardona.com\/wp-content\/uploads\/2019\/04\/alquiler-de-coches-alojamientos-cardona-400x300.jpg 400w, https:\/\/www.alojamientoscardona.com\/wp-content\/uploads\/2019\/04\/alquiler-de-coches-alojamientos-cardona-600x450.jpg 600w, https:\/\/www.alojamientoscardona.com\/wp-content\/uploads\/2019\/04\/alquiler-de-coches-alojamientos-cardona-800x600.jpg 800w, https:\/\/www.alojamientoscardona.com\/wp-content\/uploads\/2019\/04\/alquiler-de-coches-alojamientos-cardona-1200x900.jpg 1200w, https:\/\/www.alojamientoscardona.com\/wp-content\/uploads\/2019\/04\/alquiler-de-coches-alojamientos-cardona.jpg 2016w\" sizes=\"(max-width: 800px) 100vw, 400px\" \/><\/a><\/span><\/div><\/div><div class=\"fusion-sep-clear\"><\/div><div class=\"fusion-separator fusion-full-width-sep\" style=\"margin-left: auto;margin-right: auto;margin-top:10px;width:100%;\"><\/div><div class=\"fusion-sep-clear\"><\/div><div class=\"fusion-text fusion-text-29\"><h5 style=\"text-align: center;\">Noleggio di veicoli<\/h5>\n<\/div><div class=\"fusion-align-block\"><a class=\"fusion-button button-flat fusion-button-default-size button-default fusion-button-default button-35 fusion-button-span-yes fusion-button-default-type\" target=\"_self\" href=\"https:\/\/www.alojamientoscardona.com\/it\/servizi\/noleggio-auto\/\"><span class=\"fusion-button-text\">Scopri di pi\u00f9<\/span><\/a><\/div><div class=\"fusion-clearfix\"><\/div><\/div><\/div><\/div><\/div><div class=\"fusion-fullwidth fullwidth-box fusion-builder-row-16 nonhundred-percent-fullwidth non-hundred-percent-height-scrolling\" style=\"--awb-border-radius-top-left:0px;--awb-border-radius-top-right:0px;--awb-border-radius-bottom-right:0px;--awb-border-radius-bottom-left:0px;--awb-margin-top:50px;--awb-margin-bottom:50px;--awb-flex-wrap:wrap;\" ><div class=\"fusion-builder-row fusion-row\"><div class=\"fusion-layout-column fusion_builder_column fusion-builder-column-34 fusion_builder_column_1_1 1_1 fusion-one-full fusion-column-first fusion-column-last fusion-column-no-min-height\" style=\"--awb-bg-size:cover;--awb-margin-bottom:50px;\"><div class=\"fusion-column-wrapper fusion-flex-column-wrapper-legacy\"><div class=\"fusion-text fusion-text-30\"><p style=\"letter-spacing: 4px; font-size: 13px; text-align: center; margin-bottom: 0px;\">FIDUCIA<\/p>\n<h2 style=\"text-align: center;\">What do our guests say about us<\/h2>\n<\/div><div class=\"fusion-image-element fusion-image-align-center in-legacy-container\" style=\"text-align:center;--awb-caption-title-font-family:var(--h2_typography-font-family);--awb-caption-title-font-weight:var(--h2_typography-font-weight);--awb-caption-title-font-style:var(--h2_typography-font-style);--awb-caption-title-size:var(--h2_typography-font-size);--awb-caption-title-transform:var(--h2_typography-text-transform);--awb-caption-title-line-height:var(--h2_typography-line-height);--awb-caption-title-letter-spacing:var(--h2_typography-letter-spacing);\"><div class=\"imageframe-align-center\"><span class=\" fusion-imageframe imageframe-none imageframe-16 hover-type-none\"><img decoding=\"async\" width=\"134\" height=\"30\" title=\"Alojamientos tur\u00edsticos Cardona en Formentera\" src=\"http:\/\/www.alojamientoscardona.com\/wp-content\/uploads\/2019\/01\/Forniture-02alojamientos-cardona.png\" alt class=\"img-responsive wp-image-3055\"\/><\/span><\/div><\/div><div class=\"fusion-clearfix\"><\/div><\/div><\/div><div class=\"fusion-layout-column fusion_builder_column fusion-builder-column-35 fusion_builder_column_1_1 1_1 fusion-one-full fusion-column-first fusion-column-last\" style=\"--awb-bg-size:cover;\"><div class=\"fusion-column-wrapper fusion-flex-column-wrapper-legacy\"><div class=\"fusion-testimonials clean awb-speech-bubble-show fusion-testimonials-1\" style=\"--awb-textcolor:#747474;--awb-backgroundcolor:rgba(246,246,246,0);--awb-testimonial-border-style:solid;--awb-testimonial-border-color:var(--awb-color3);--awb-border-top-left-radius:0px;--awb-border-top-right-radius:0px;--awb-border-bottom-left-radius:0px;--awb-border-bottom-right-radius:0px;--testimonial-border-width-top:0px;--testimonial-border-width-right:0px;--testimonial-border-width-bottom:0px;--testimonial-border-width-left:0px;\" data-random=\"0\" data-speed=\"4000\"><div class=\"reviews\"><div class=\"review active-testimonial avatar-above no-avatar\"><blockquote class=\"testimonials-shortcode-blockquote\"><div class=\"awb-quote\"><div class=\"awb-quote-content\">\n<h5><em>Gli appartamenti sono molto tranquilli, la zona \u00e8 ideale per chi vuole muoversi lungo l\u2019isola e poi si trova a un minuto da Es Pujols.<\/em><\/h5>\n<\/div><\/div><\/blockquote><div class=\"author\"><span class=\"company-name\"><strong>Alberto Quesada<\/strong>, <span>2017<\/span><\/span><\/div><\/div><div class=\"review avatar-above no-avatar\"><blockquote class=\"testimonials-shortcode-blockquote\"><div class=\"awb-quote\"><div class=\"awb-quote-content\">\n<h5><em>Ritorno sempre con piacere. La posizione \u00e8 eccellente, il posto tranquillo e pittoresco. L\u2019esterno \u00e8 tenuto molto bene e il personale \u00e8 gentile.<\/em><\/h5>\n<\/div><\/div><\/blockquote><div class=\"author\"><span class=\"company-name\"><strong>Marco Petrucci<\/strong>, <span>2018<\/span><\/span><\/div><\/div><div class=\"review avatar-above no-avatar\"><blockquote class=\"testimonials-shortcode-blockquote\"><div class=\"awb-quote\"><div class=\"awb-quote-content\">\n<h5><em>Appartato da ogni rumore: il posto \u00e8 tranquillo, la casa \u00e8 tradizionale, il letto \u00e8 comodo, la persona di pulizia era simpatica, il WiFi prende bene e la TV ha tanti canali.<\/em><\/h5>\n<\/div><\/div><\/blockquote><div class=\"author\"><span class=\"company-name\"><strong>Bego\u00f1a<\/strong><\/span><\/div><\/div><div class=\"review avatar-above no-avatar\"><blockquote class=\"testimonials-shortcode-blockquote\"><div class=\"awb-quote\"><div class=\"awb-quote-content\">\n<h5><em>La nostra permanenza era semplicemente perfetta, dall\u2019attenzione che lo Staff ci ha prestato a tutti i servici che ci hanno offerto. Tornerei senza pensarci due volte, o ancora meglio, non me ne andrei pi\u00f9 da qui!<\/em><\/h5>\n<\/div><\/div><\/blockquote><div class=\"author\"><span class=\"company-name\"><strong>Anna Borr\u00e1s<\/strong><\/span><\/div><\/div><div class=\"review avatar-above no-avatar\"><blockquote class=\"testimonials-shortcode-blockquote\"><div class=\"awb-quote\"><div class=\"awb-quote-content\">\n<h5><em>Bella vacanza a Formentera. La casa ha un po\u2019 di tutto il che rende la permanenza molto pi\u00f9 comoda. Le foto sono accurate e fanno vedere il posto cos\u00ec com\u2019\u00e8. Lo Staff \u00e8 spettacolare, ti aspettano prima ancora di arrivare e poi la ragazza ci ha dato un bel benvenuto a tutto, facendoci vedere la casa.<\/em><\/h5>\n<\/div><\/div><\/blockquote><div class=\"author\"><span class=\"company-name\"><strong>Nicole<\/strong><\/span><\/div><\/div><div class=\"review avatar-above no-avatar\"><blockquote class=\"testimonials-shortcode-blockquote\"><div class=\"awb-quote\"><div class=\"awb-quote-content\">\n<h5><em>La casa \u00e8 preziosa \u00e8 corrisponde del tutto alle foto. \u00c8 ben posizionata, lo Staff \u00e8 gentile<\/em><\/h5>\n<\/div><\/div><\/blockquote><div class=\"author\"><span class=\"company-name\"><strong>Jimmy Mart\u00edn Gonz\u00e1lez Tur\u00edn<\/strong><\/span><\/div><\/div><\/div><div class=\"testimonial-pagination\" id=\"fusion-testimonials-1\"><a href=\"#\" aria-label=\"Testimonial Pagination\"  class=\"activeSlide\"><\/a><a href=\"#\" aria-label=\"Testimonial Pagination\" ><\/a><a href=\"#\" aria-label=\"Testimonial Pagination\" ><\/a><a href=\"#\" aria-label=\"Testimonial Pagination\" ><\/a><a href=\"#\" aria-label=\"Testimonial Pagination\" ><\/a><a href=\"#\" aria-label=\"Testimonial Pagination\" ><\/a><\/div><\/div><div class=\"fusion-clearfix\"><\/div><\/div><\/div><\/div><\/div><div class=\"fusion-fullwidth fullwidth-box fusion-builder-row-17 fusion-parallax-none nonhundred-percent-fullwidth non-hundred-percent-height-scrolling\" style=\"--awb-border-radius-top-left:0px;--awb-border-radius-top-right:0px;--awb-border-radius-bottom-right:0px;--awb-border-radius-bottom-left:0px;--awb-padding-top:50px;--awb-padding-right:0px;--awb-padding-bottom:0px;--awb-padding-left:0px;--awb-margin-top:50px;--awb-background-image:url(&quot;https:\/\/www.alojamientoscardona.com\/wp-content\/uploads\/2019\/01\/wall.jpg&quot;);--awb-background-size:cover;--awb-flex-wrap:wrap;\" ><div class=\"fusion-builder-row fusion-row\"><div class=\"fusion-layout-column fusion_builder_column fusion-builder-column-36 fusion_builder_column_1_1 1_1 fusion-one-full fusion-column-first fusion-column-last fusion-column-no-min-height\" style=\"--awb-bg-size:cover;--awb-margin-bottom:40px;\"><div class=\"fusion-column-wrapper fusion-flex-column-wrapper-legacy\"><div class=\"fusion-text fusion-text-31\"><p style=\"letter-spacing: 4px; font-size: 13px; text-align: center; margin-bottom: 0px;\">Appartamenti turistici Cardona a Formentera<\/p>\n<h2 style=\"text-align: center;\">Posizione<\/h2>\n<\/div><div class=\"fusion-image-element fusion-image-align-center in-legacy-container\" style=\"text-align:center;--awb-caption-title-font-family:var(--h2_typography-font-family);--awb-caption-title-font-weight:var(--h2_typography-font-weight);--awb-caption-title-font-style:var(--h2_typography-font-style);--awb-caption-title-size:var(--h2_typography-font-size);--awb-caption-title-transform:var(--h2_typography-text-transform);--awb-caption-title-line-height:var(--h2_typography-line-height);--awb-caption-title-letter-spacing:var(--h2_typography-letter-spacing);\"><div class=\"imageframe-align-center\"><span class=\" fusion-imageframe imageframe-none imageframe-17 hover-type-none\"><img decoding=\"async\" width=\"134\" height=\"30\" title=\"Alojamientos tur\u00edsticos Cardona en Formentera\" src=\"http:\/\/www.alojamientoscardona.com\/wp-content\/uploads\/2019\/01\/Forniture-02alojamientos-cardona.png\" alt class=\"img-responsive wp-image-3055\"\/><\/span><\/div><\/div><div class=\"fusion-sep-clear\"><\/div><div class=\"fusion-separator fusion-full-width-sep\" style=\"margin-left: auto;margin-right: auto;margin-bottom:25px;width:100%;\"><\/div><div class=\"fusion-sep-clear\"><\/div><div class=\"fusion-text fusion-text-32\"><p style=\"text-align: center;\">Ci troviamo in: Cam\u00ed de Ses Vinyes, 1353, 07871 Es Pujols, Islas Baleares<\/p>\n<\/div><div class=\"fusion-clearfix\"><\/div><\/div><\/div><div class=\"fusion-layout-column fusion_builder_column fusion-builder-column-37 fusion_builder_column_1_3 1_3 fusion-one-third fusion-column-first rp-columa fusion-animated\" style=\"--awb-padding-top:10px;--awb-padding-bottom:15px;--awb-bg-position:right center;--awb-bg-repeat:repeat-y;--awb-border-color:#cbaa5c;--awb-border-right:1px;--awb-border-style:solid;width:33.333333333333%;width:calc(33.333333333333% - ( ( 0px + 0px ) * 0.33333333333333 ) );margin-right: 0px;\" data-animationType=\"fadeInRight\" data-animationDuration=\"1.0\" data-animationOffset=\"top-into-view\"><div class=\"fusion-column-wrapper fusion-flex-column-wrapper-legacy\"><div class=\"fusion-text fusion-text-33\"><h4 style=\"text-align: center;\">TELEFONO<\/h4>\n<\/div><div class=\"fusion-text fusion-text-34\"><h3 style=\"text-align: center;\"><a class=\"rp-texto\" href=\"tel:+0034971329054\">+34 971 32 90 54<\/a><\/h3>\n<\/div><div class=\"fusion-clearfix\"><\/div><\/div><\/div><div class=\"fusion-layout-column fusion_builder_column fusion-builder-column-38 fusion_builder_column_1_3 1_3 fusion-one-third rp-columa fusion-animated\" style=\"--awb-padding-top:10px;--awb-padding-bottom:15px;--awb-bg-size:cover;--awb-border-color:#cbaa5c;--awb-border-right:1px;--awb-border-style:solid;width:33.333333333333%;width:calc(33.333333333333% - ( ( 0px + 0px ) * 0.33333333333333 ) );margin-right: 0px;\" data-animationType=\"fadeInUp\" data-animationDuration=\"1.0\" data-animationOffset=\"top-into-view\"><div class=\"fusion-column-wrapper fusion-flex-column-wrapper-legacy\"><div class=\"fusion-text fusion-text-35\"><h4 style=\"text-align: center;\">CELLULARE<\/h4>\n<\/div><div class=\"fusion-text fusion-text-36\"><h3 style=\"text-align: center;\"><a class=\"rp-texto\" href=\"tel:+0034665994547\">+34 665 994 547<\/a><\/h3>\n<\/div><div class=\"fusion-clearfix\"><\/div><\/div><\/div><div class=\"fusion-layout-column fusion_builder_column fusion-builder-column-39 fusion_builder_column_1_3 1_3 fusion-one-third fusion-column-last rp-columa fusion-animated\" style=\"--awb-padding-top:10px;--awb-padding-bottom:30px;--awb-bg-position:left center;--awb-bg-repeat:repeat-y;--awb-margin-bottom:60px;width:33.333333333333%;width:calc(33.333333333333% - ( ( 0px + 0px ) * 0.33333333333333 ) );\" data-animationType=\"fadeInLeft\" data-animationDuration=\"1.0\" data-animationOffset=\"top-into-view\"><div class=\"fusion-column-wrapper fusion-flex-column-wrapper-legacy\"><div class=\"fusion-text fusion-text-37\"><h4 style=\"text-align: center;\">EMAIL<\/h4>\n<\/div><div class=\"fusion-text fusion-text-38\"><h3 class=\"rp-texto\" style=\"text-align: center;\"><a class=\"rp-texto\" href=\"mailto:info@alojamientoscardona.com\">info@alojamientoscardona.com<\/a><\/h3>\n<\/div><div class=\"fusion-clearfix\"><\/div><\/div><\/div><div class=\"fusion-layout-column fusion_builder_column fusion-builder-column-40 fusion_builder_column_1_1 1_1 fusion-one-full fusion-column-first fusion-column-last fusion-animated\" style=\"--awb-padding-top:20px;--awb-padding-right:20px;--awb-padding-bottom:20px;--awb-padding-left:20px;--awb-bg-size:cover;--awb-border-color:#cbaa5c;--awb-border-top:1px;--awb-border-right:1px;--awb-border-bottom:1px;--awb-border-left:1px;--awb-border-style:solid;\" data-animationType=\"slideInUp\" data-animationDuration=\"0.9\" data-animationOffset=\"top-into-view\"><div class=\"fusion-column-wrapper fusion-flex-column-wrapper-legacy\"><iframe src=\"https:\/\/www.google.com\/maps\/d\/u\/1\/embed?mid=1qTZorbGLE-ovJQpi7Q2fZCyvl7mu2hlp\" width=\"100%\" height=\"480\"><\/iframe><div class=\"fusion-clearfix\"><\/div><\/div><\/div><\/div><\/div><\/p>\n","protected":false},"excerpt":{"rendered":"","protected":false},"author":2,"featured_media":0,"parent":0,"menu_order":0,"comment_status":"closed","ping_status":"closed","template":"100-width.php","meta":{"footnotes":""},"class_list":["post-3318","page","type-page","status-publish","hentry"],"yoast_head":"<!-- This site is optimized with the Yoast SEO plugin v24.1 - https:\/\/yoast.com\/wordpress\/plugins\/seo\/ -->\n<title>Appartamenti e case rurali a Formentera | Appartamenti Cardona<\/title>\n<meta name=\"description\" content=\"Appartamenti turistici Cardona a Formentera. Appartamenti turistici, case rurali e ville. Zona tranquilla e vicina alle migliori spiagge dell&#039;isola.\" \/>\n<meta name=\"robots\" content=\"index, follow, max-snippet:-1, max-image-preview:large, max-video-preview:-1\" \/>\n<link rel=\"canonical\" href=\"https:\/\/www.alojamientoscardona.com\/it\/\" \/>\n<meta property=\"og:locale\" content=\"it_IT\" \/>\n<meta property=\"og:type\" content=\"article\" \/>\n<meta property=\"og:title\" content=\"Appartamenti e case rurali a Formentera | Appartamenti Cardona\" \/>\n<meta property=\"og:description\" content=\"Appartamenti turistici Cardona a Formentera. Appartamenti turistici, case rurali e ville. Zona tranquilla e vicina alle migliori spiagge dell&#039;isola.\" \/>\n<meta property=\"og:url\" content=\"https:\/\/www.alojamientoscardona.com\/it\/\" \/>\n<meta property=\"og:site_name\" content=\"Alojamientos Cardona\" \/>\n<meta property=\"article:modified_time\" content=\"2024-12-13T09:20:29+00:00\" \/>\n<meta name=\"twitter:card\" content=\"summary_large_image\" \/>\n<meta name=\"twitter:label1\" content=\"Tempo di lettura stimato\" \/>\n\t<meta name=\"twitter:data1\" content=\"42 minuti\" \/>\n<script type=\"application\/ld+json\" class=\"yoast-schema-graph\">{\"@context\":\"https:\/\/schema.org\",\"@graph\":[{\"@type\":\"WebPage\",\"@id\":\"https:\/\/www.alojamientoscardona.com\/it\/\",\"url\":\"https:\/\/www.alojamientoscardona.com\/it\/\",\"name\":\"Appartamenti e case rurali a Formentera | Appartamenti Cardona\",\"isPartOf\":{\"@id\":\"https:\/\/www.alojamientoscardona.com\/#website\"},\"datePublished\":\"2019-04-02T14:03:31+00:00\",\"dateModified\":\"2024-12-13T09:20:29+00:00\",\"description\":\"Appartamenti turistici Cardona a Formentera. Appartamenti turistici, case rurali e ville. Zona tranquilla e vicina alle migliori spiagge dell'isola.\",\"breadcrumb\":{\"@id\":\"https:\/\/www.alojamientoscardona.com\/it\/#breadcrumb\"},\"inLanguage\":\"it-IT\",\"potentialAction\":[{\"@type\":\"ReadAction\",\"target\":[\"https:\/\/www.alojamientoscardona.com\/it\/\"]}]},{\"@type\":\"BreadcrumbList\",\"@id\":\"https:\/\/www.alojamientoscardona.com\/it\/#breadcrumb\",\"itemListElement\":[{\"@type\":\"ListItem\",\"position\":1,\"name\":\"Portada\",\"item\":\"https:\/\/www.alojamientoscardona.com\/it\/\"},{\"@type\":\"ListItem\",\"position\":2,\"name\":\"Home\"}]},{\"@type\":\"WebSite\",\"@id\":\"https:\/\/www.alojamientoscardona.com\/#website\",\"url\":\"https:\/\/www.alojamientoscardona.com\/\",\"name\":\"Alojamientos Cardona\",\"description\":\"Alquiler de casas y apartamentos tur\u00edsticos en Formentera\",\"potentialAction\":[{\"@type\":\"SearchAction\",\"target\":{\"@type\":\"EntryPoint\",\"urlTemplate\":\"https:\/\/www.alojamientoscardona.com\/?s={search_term_string}\"},\"query-input\":{\"@type\":\"PropertyValueSpecification\",\"valueRequired\":true,\"valueName\":\"search_term_string\"}}],\"inLanguage\":\"it-IT\"}]}<\/script>\n<!-- \/ Yoast SEO plugin. -->","yoast_head_json":{"title":"Appartamenti e case rurali a Formentera | Appartamenti Cardona","description":"Appartamenti turistici Cardona a Formentera. Appartamenti turistici, case rurali e ville. Zona tranquilla e vicina alle migliori spiagge dell'isola.","robots":{"index":"index","follow":"follow","max-snippet":"max-snippet:-1","max-image-preview":"max-image-preview:large","max-video-preview":"max-video-preview:-1"},"canonical":"https:\/\/www.alojamientoscardona.com\/it\/","og_locale":"it_IT","og_type":"article","og_title":"Appartamenti e case rurali a Formentera | Appartamenti Cardona","og_description":"Appartamenti turistici Cardona a Formentera. Appartamenti turistici, case rurali e ville. Zona tranquilla e vicina alle migliori spiagge dell'isola.","og_url":"https:\/\/www.alojamientoscardona.com\/it\/","og_site_name":"Alojamientos Cardona","article_modified_time":"2024-12-13T09:20:29+00:00","twitter_card":"summary_large_image","twitter_misc":{"Tempo di lettura stimato":"42 minuti"},"schema":{"@context":"https:\/\/schema.org","@graph":[{"@type":"WebPage","@id":"https:\/\/www.alojamientoscardona.com\/it\/","url":"https:\/\/www.alojamientoscardona.com\/it\/","name":"Appartamenti e case rurali a Formentera | Appartamenti Cardona","isPartOf":{"@id":"https:\/\/www.alojamientoscardona.com\/#website"},"datePublished":"2019-04-02T14:03:31+00:00","dateModified":"2024-12-13T09:20:29+00:00","description":"Appartamenti turistici Cardona a Formentera. Appartamenti turistici, case rurali e ville. Zona tranquilla e vicina alle migliori spiagge dell'isola.","breadcrumb":{"@id":"https:\/\/www.alojamientoscardona.com\/it\/#breadcrumb"},"inLanguage":"it-IT","potentialAction":[{"@type":"ReadAction","target":["https:\/\/www.alojamientoscardona.com\/it\/"]}]},{"@type":"BreadcrumbList","@id":"https:\/\/www.alojamientoscardona.com\/it\/#breadcrumb","itemListElement":[{"@type":"ListItem","position":1,"name":"Portada","item":"https:\/\/www.alojamientoscardona.com\/it\/"},{"@type":"ListItem","position":2,"name":"Home"}]},{"@type":"WebSite","@id":"https:\/\/www.alojamientoscardona.com\/#website","url":"https:\/\/www.alojamientoscardona.com\/","name":"Alojamientos Cardona","description":"Alquiler de casas y apartamentos tur\u00edsticos en Formentera","potentialAction":[{"@type":"SearchAction","target":{"@type":"EntryPoint","urlTemplate":"https:\/\/www.alojamientoscardona.com\/?s={search_term_string}"},"query-input":{"@type":"PropertyValueSpecification","valueRequired":true,"valueName":"search_term_string"}}],"inLanguage":"it-IT"}]}},"_links":{"self":[{"href":"https:\/\/www.alojamientoscardona.com\/it\/wp-json\/wp\/v2\/pages\/3318","targetHints":{"allow":["GET"]}}],"collection":[{"href":"https:\/\/www.alojamientoscardona.com\/it\/wp-json\/wp\/v2\/pages"}],"about":[{"href":"https:\/\/www.alojamientoscardona.com\/it\/wp-json\/wp\/v2\/types\/page"}],"author":[{"embeddable":true,"href":"https:\/\/www.alojamientoscardona.com\/it\/wp-json\/wp\/v2\/users\/2"}],"replies":[{"embeddable":true,"href":"https:\/\/www.alojamientoscardona.com\/it\/wp-json\/wp\/v2\/comments?post=3318"}],"version-history":[{"count":28,"href":"https:\/\/www.alojamientoscardona.com\/it\/wp-json\/wp\/v2\/pages\/3318\/revisions"}],"predecessor-version":[{"id":4084,"href":"https:\/\/www.alojamientoscardona.com\/it\/wp-json\/wp\/v2\/pages\/3318\/revisions\/4084"}],"wp:attachment":[{"href":"https:\/\/www.alojamientoscardona.com\/it\/wp-json\/wp\/v2\/media?parent=3318"}],"curies":[{"name":"wp","href":"https:\/\/api.w.org\/{rel}","templated":true}]}}